{"id":3427,"date":"2026-04-22T13:51:51","date_gmt":"2026-04-22T13:51:51","guid":{"rendered":"https:\/\/evenement.oeuvre-orient.fr\/?page_id=3427"},"modified":"2026-04-28T09:31:36","modified_gmt":"2026-04-28T09:31:36","slug":"170-ans-de-loeuvre-dorient","status":"publish","type":"page","link":"https:\/\/evenement.oeuvre-orient.fr\/en\/170-ans-de-loeuvre-dorient\/","title":{"rendered":"170 ans de L&rsquo;\u0152uvre d&rsquo;Orient"},"content":{"rendered":"<div data-elementor-type=\"wp-page\" data-elementor-id=\"3427\" class=\"elementor elementor-3427\" data-elementor-post-type=\"page\">\n\t\t\t\t<div class=\"elementor-element elementor-element-a5fb61d e-flex e-con-boxed e-con e-parent\" data-id=\"a5fb61d\" data-element_type=\"container\" data-e-type=\"container\" data-settings=\"{&quot;background_background&quot;:&quot;gradient&quot;,&quot;position&quot;:&quot;fixed&quot;}\">\n\t\t\t\t\t<div class=\"e-con-inner\">\n\t\t\t\t\t<\/div>\n\t\t\t\t<\/div>\n\t\t<div class=\"elementor-element elementor-element-3899ccf4 e-flex e-con-boxed e-con e-parent\" data-id=\"3899ccf4\" data-element_type=\"container\" data-e-type=\"container\" data-settings=\"{&quot;background_background&quot;:&quot;gradient&quot;,&quot;position&quot;:&quot;fixed&quot;}\">\n\t\t\t\t\t<div class=\"e-con-inner\">\n\t\t<div class=\"elementor-element elementor-element-3da2b98d e-con-full e-flex e-con e-child\" data-id=\"3da2b98d\" data-element_type=\"container\" data-e-type=\"container\">\n\t\t\t\t<div class=\"elementor-element elementor-element-4552ba2e elementor-widget__width-initial elementor-widget elementor-widget-image\" data-id=\"4552ba2e\" data-element_type=\"widget\" data-e-type=\"widget\" data-widget_type=\"image.default\">\n\t\t\t\t<div class=\"elementor-widget-container\">\n\t\t\t\t\t\t\t\t\t\t\t\t\t\t\t\t<a href=\"https:\/\/evenement.oeuvre-orient.fr\/en\/soiree-exceptionnelle-au-profit-des-ecoles-dorient\/\">\n\t\t\t\t\t\t\t<img fetchpriority=\"high\" decoding=\"async\" width=\"1200\" height=\"1200\" src=\"https:\/\/evenement.oeuvre-orient.fr\/wp-content\/uploads\/2026\/04\/Logo-170-ans-OO-VF.png\" class=\"attachment-full size-full wp-image-3139\" alt=\"Logo 170 ans OO VF\" srcset=\"https:\/\/evenement.oeuvre-orient.fr\/wp-content\/uploads\/2026\/04\/Logo-170-ans-OO-VF.png 1200w, https:\/\/evenement.oeuvre-orient.fr\/wp-content\/uploads\/2026\/04\/Logo-170-ans-OO-VF-300x300.png 300w, https:\/\/evenement.oeuvre-orient.fr\/wp-content\/uploads\/2026\/04\/Logo-170-ans-OO-VF-1024x1024.png 1024w, https:\/\/evenement.oeuvre-orient.fr\/wp-content\/uploads\/2026\/04\/Logo-170-ans-OO-VF-150x150.png 150w, https:\/\/evenement.oeuvre-orient.fr\/wp-content\/uploads\/2026\/04\/Logo-170-ans-OO-VF-768x768.png 768w, https:\/\/evenement.oeuvre-orient.fr\/wp-content\/uploads\/2026\/04\/Logo-170-ans-OO-VF-12x12.png 12w, https:\/\/evenement.oeuvre-orient.fr\/wp-content\/uploads\/2026\/04\/elementor\/thumbs\/Logo-170-ans-OO-VF-rlnpjsa9n5tyrusgi33k5rx25mwv1sk9mxz9fvpmb4.png 1080w\" sizes=\"(max-width: 1200px) 100vw, 1200px\" \/>\t\t\t\t\t\t\t\t<\/a>\n\t\t\t\t\t\t\t\t\t\t\t\t\t\t\t<\/div>\n\t\t\t\t<\/div>\n\t\t\t\t<\/div>\n\t\t<div class=\"elementor-element elementor-element-33b41464 e-con-full e-flex e-con e-child\" data-id=\"33b41464\" data-element_type=\"container\" data-e-type=\"container\">\n\t\t\t\t<div class=\"elementor-element elementor-element-76ff39c2 elementor-widget__width-initial navbar-link elementor-hidden-tablet elementor-hidden-mobile elementor-widget-tablet__width-initial elementor-widget elementor-widget-heading\" data-id=\"76ff39c2\" data-element_type=\"widget\" data-e-type=\"widget\" data-widget_type=\"heading.default\">\n\t\t\t\t<div class=\"elementor-widget-container\">\n\t\t\t\t\t<p class=\"elementor-heading-title elementor-size-default\"><a href=\"#Histoire\">Un peu d'histoire...<\/a><\/p>\t\t\t\t<\/div>\n\t\t\t\t<\/div>\n\t\t\t\t<div class=\"elementor-element elementor-element-63abb12e elementor-widget__width-initial navbar-link elementor-hidden-tablet elementor-hidden-mobile elementor-widget elementor-widget-heading\" data-id=\"63abb12e\" data-element_type=\"widget\" data-e-type=\"widget\" data-widget_type=\"heading.default\">\n\t\t\t\t<div class=\"elementor-widget-container\">\n\t\t\t\t\t<p class=\"elementor-heading-title elementor-size-default\"><a href=\"#Programme\">Program<\/a><\/p>\t\t\t\t<\/div>\n\t\t\t\t<\/div>\n\t\t\t\t<div class=\"elementor-element elementor-element-a56c589 elementor-widget__width-initial navbar-link elementor-hidden-tablet elementor-hidden-mobile elementor-widget elementor-widget-heading\" data-id=\"a56c589\" data-element_type=\"widget\" data-e-type=\"widget\" data-widget_type=\"heading.default\">\n\t\t\t\t<div class=\"elementor-widget-container\">\n\t\t\t\t\t<p class=\"elementor-heading-title elementor-size-default\"><a href=\"#Events\">Autres \u00e9v\u00e9nements<\/a><\/p>\t\t\t\t<\/div>\n\t\t\t\t<\/div>\n\t\t\t\t<div class=\"elementor-element elementor-element-2272c8e8 elementor-widget__width-initial button-shadow elementor-hidden-mobile elementor-align-justify elementor-widget elementor-widget-button\" data-id=\"2272c8e8\" data-element_type=\"widget\" data-e-type=\"widget\" data-widget_type=\"button.default\">\n\t\t\t\t<div class=\"elementor-widget-container\">\n\t\t\t\t\t\t\t\t\t<div class=\"elementor-button-wrapper\">\n\t\t\t\t\t<a class=\"elementor-button elementor-button-link elementor-size-sm\" href=\"https:\/\/secure.oeuvre-orient.fr\/soutenir?mediaCode=26WCPOPUP&#038;utm_source=popup&#038;utm_medium=popup&#038;utm_campaign=careme2026&#038;utm_content=site&#038;_gl=1*9far3l*_up*MQ..*_ga*MTA1NTg4MjAzNi4xNzc3Mjc4ODM4*_ga_JY8TQEQ5F9*czE3NzcyNzg4MzckbzEkZzAkdDE3NzcyNzg4MzckajYwJGwwJGgw\" target=\"_blank\">\n\t\t\t\t\t\t<span class=\"elementor-button-content-wrapper\">\n\t\t\t\t\t\t<span class=\"elementor-button-icon\">\n\t\t\t\t<svg aria-hidden=\"true\" class=\"e-font-icon-svg e-fas-donate\" viewbox=\"0 0 512 512\" xmlns=\"http:\/\/www.w3.org\/2000\/svg\"><path d=\"M256 416c114.9 0 208-93.1 208-208S370.9 0 256 0 48 93.1 48 208s93.1 208 208 208zM233.8 97.4V80.6c0-9.2 7.4-16.6 16.6-16.6h11.1c9.2 0 16.6 7.4 16.6 16.6v17c15.5.8 30.5 6.1 43 15.4 5.6 4.1 6.2 12.3 1.2 17.1L306 145.6c-3.8 3.7-9.5 3.8-14 1-5.4-3.4-11.4-5.1-17.8-5.1h-38.9c-9 0-16.3 8.2-16.3 18.3 0 8.2 5 15.5 12.1 17.6l62.3 18.7c25.7 7.7 43.7 32.4 43.7 60.1 0 34-26.4 61.5-59.1 62.4v16.8c0 9.2-7.4 16.6-16.6 16.6h-11.1c-9.2 0-16.6-7.4-16.6-16.6v-17c-15.5-.8-30.5-6.1-43-15.4-5.6-4.1-6.2-12.3-1.2-17.1l16.3-15.5c3.8-3.7 9.5-3.8 14-1 5.4 3.4 11.4 5.1 17.8 5.1h38.9c9 0 16.3-8.2 16.3-18.3 0-8.2-5-15.5-12.1-17.6l-62.3-18.7c-25.7-7.7-43.7-32.4-43.7-60.1.1-34 26.4-61.5 59.1-62.4zM480 352h-32.5c-19.6 26-44.6 47.7-73 64h63.8c5.3 0 9.6 3.6 9.6 8v16c0 4.4-4.3 8-9.6 8H73.6c-5.3 0-9.6-3.6-9.6-8v-16c0-4.4 4.3-8 9.6-8h63.8c-28.4-16.3-53.3-38-73-64H32c-17.7 0-32 14.3-32 32v96c0 17.7 14.3 32 32 32h448c17.7 0 32-14.3 32-32v-96c0-17.7-14.3-32-32-32z\"><\/path><\/svg>\t\t\t<\/span>\n\t\t\t\t\t\t\t\t\t<span class=\"elementor-button-text\">Faire un don<\/span>\n\t\t\t\t\t<\/span>\n\t\t\t\t\t<\/a>\n\t\t\t\t<\/div>\n\t\t\t\t\t\t\t\t<\/div>\n\t\t\t\t<\/div>\n\t\t\t\t<\/div>\n\t\t\t\t\t<\/div>\n\t\t\t\t<\/div>\n\t\t<div class=\"elementor-element elementor-element-c690ad6 e-flex e-con-boxed e-con e-parent\" data-id=\"c690ad6\" data-element_type=\"container\" data-e-type=\"container\">\n\t\t\t\t\t<div class=\"e-con-inner\">\n\t\t\t\t\t<\/div>\n\t\t\t\t<\/div>\n\t\t<div class=\"elementor-element elementor-element-7381a757 e-con-full e-flex e-con e-parent\" data-id=\"7381a757\" data-element_type=\"container\" data-e-type=\"container\" data-settings=\"{&quot;background_background&quot;:&quot;video&quot;,&quot;background_video_start&quot;:10}\">\n\t\t\t\t<div class=\"elementor-element elementor-element-975f48b elementor-widget elementor-widget-heading\" data-id=\"975f48b\" data-element_type=\"widget\" data-e-type=\"widget\" data-widget_type=\"heading.default\">\n\t\t\t\t<div class=\"elementor-widget-container\">\n\t\t\t\t\t<h2 class=\"elementor-heading-title elementor-size-default\">170 ans de L\u2019\u0152uvre d\u2019Orient<\/h2>\t\t\t\t<\/div>\n\t\t\t\t<\/div>\n\t\t\t\t<div class=\"elementor-element elementor-element-1f353c0 elementor-widget elementor-widget-spacer\" data-id=\"1f353c0\" data-element_type=\"widget\" data-e-type=\"widget\" data-widget_type=\"spacer.default\">\n\t\t\t\t<div class=\"elementor-widget-container\">\n\t\t\t\t\t\t\t<div class=\"elementor-spacer\">\n\t\t\t<div class=\"elementor-spacer-inner\"><\/div>\n\t\t<\/div>\n\t\t\t\t\t\t<\/div>\n\t\t\t\t<\/div>\n\t\t\t\t<div class=\"elementor-element elementor-element-c1fad86 elementor-widget elementor-widget-heading\" data-id=\"c1fad86\" data-element_type=\"widget\" data-e-type=\"widget\" data-widget_type=\"heading.default\">\n\t\t\t\t<div class=\"elementor-widget-container\">\n\t\t\t\t\t<h2 class=\"elementor-heading-title elementor-size-default\">9 et 10 mai 2026<\/h2>\t\t\t\t<\/div>\n\t\t\t\t<\/div>\n\t\t\t\t<div class=\"elementor-element elementor-element-142971f4 elementor-widget__width-auto button-shadow animated-slow elementor-widget-mobile__width-initial elementor-invisible elementor-widget elementor-widget-button\" data-id=\"142971f4\" data-element_type=\"widget\" data-e-type=\"widget\" data-settings=\"{&quot;_animation&quot;:&quot;fadeIn&quot;,&quot;_animation_delay&quot;:300}\" data-widget_type=\"button.default\">\n\t\t\t\t<div class=\"elementor-widget-container\">\n\t\t\t\t\t\t\t\t\t<div class=\"elementor-button-wrapper\">\n\t\t\t\t\t<a class=\"elementor-button elementor-button-link elementor-size-sm\" href=\"https:\/\/secure.oeuvre-orient.fr\/soutenir?mediaCode=26WCPOPUP&#038;utm_source=popup&#038;utm_medium=popup&#038;utm_campaign=careme2026&#038;utm_content=site&#038;_gl=1*9far3l*_up*MQ..*_ga*MTA1NTg4MjAzNi4xNzc3Mjc4ODM4*_ga_JY8TQEQ5F9*czE3NzcyNzg4MzckbzEkZzAkdDE3NzcyNzg4MzckajYwJGwwJGgw\">\n\t\t\t\t\t\t<span class=\"elementor-button-content-wrapper\">\n\t\t\t\t\t\t\t\t\t<span class=\"elementor-button-text\">Faire un don<\/span>\n\t\t\t\t\t<\/span>\n\t\t\t\t\t<\/a>\n\t\t\t\t<\/div>\n\t\t\t\t\t\t\t\t<\/div>\n\t\t\t\t<\/div>\n\t\t\t\t<\/div>\n\t\t<div class=\"elementor-element elementor-element-6918212 e-flex e-con-boxed e-con e-parent\" data-id=\"6918212\" data-element_type=\"container\" data-e-type=\"container\" id=\"cestquoilefestival\">\n\t\t\t\t\t<div class=\"e-con-inner\">\n\t\t\t\t<div class=\"elementor-element elementor-element-607abae elementor-widget elementor-widget-spacer\" data-id=\"607abae\" data-element_type=\"widget\" data-e-type=\"widget\" data-widget_type=\"spacer.default\">\n\t\t\t\t<div class=\"elementor-widget-container\">\n\t\t\t\t\t\t\t<div class=\"elementor-spacer\">\n\t\t\t<div class=\"elementor-spacer-inner\"><\/div>\n\t\t<\/div>\n\t\t\t\t\t\t<\/div>\n\t\t\t\t<\/div>\n\t\t\t\t\t<\/div>\n\t\t\t\t<\/div>\n\t\t<div class=\"elementor-element elementor-element-fec78f0 e-flex e-con-boxed e-con e-parent\" data-id=\"fec78f0\" data-element_type=\"container\" data-e-type=\"container\">\n\t\t\t\t\t<div class=\"e-con-inner\">\n\t\t\t\t<div class=\"elementor-element elementor-element-4b224b1 elementor-widget elementor-widget-image\" data-id=\"4b224b1\" data-element_type=\"widget\" data-e-type=\"widget\" data-widget_type=\"image.default\">\n\t\t\t\t<div class=\"elementor-widget-container\">\n\t\t\t\t\t\t\t\t\t\t\t\t\t\t\t<img decoding=\"async\" width=\"150\" height=\"150\" src=\"https:\/\/evenement.oeuvre-orient.fr\/wp-content\/uploads\/2026\/04\/Logo-170-ans-OO-VF-150x150.png\" class=\"attachment-thumbnail size-thumbnail wp-image-3139\" alt=\"Logo 170 ans OO VF\" srcset=\"https:\/\/evenement.oeuvre-orient.fr\/wp-content\/uploads\/2026\/04\/Logo-170-ans-OO-VF-150x150.png 150w, https:\/\/evenement.oeuvre-orient.fr\/wp-content\/uploads\/2026\/04\/Logo-170-ans-OO-VF-300x300.png 300w, https:\/\/evenement.oeuvre-orient.fr\/wp-content\/uploads\/2026\/04\/Logo-170-ans-OO-VF-1024x1024.png 1024w, https:\/\/evenement.oeuvre-orient.fr\/wp-content\/uploads\/2026\/04\/Logo-170-ans-OO-VF-768x768.png 768w, https:\/\/evenement.oeuvre-orient.fr\/wp-content\/uploads\/2026\/04\/Logo-170-ans-OO-VF-12x12.png 12w, https:\/\/evenement.oeuvre-orient.fr\/wp-content\/uploads\/2026\/04\/elementor\/thumbs\/Logo-170-ans-OO-VF-rlnpjsa9n5tyrusgi33k5rx25mwv1sk9mxz9fvpmb4.png 1080w, https:\/\/evenement.oeuvre-orient.fr\/wp-content\/uploads\/2026\/04\/Logo-170-ans-OO-VF.png 1200w\" sizes=\"(max-width: 150px) 100vw, 150px\" \/>\t\t\t\t\t\t\t\t\t\t\t\t\t\t\t<\/div>\n\t\t\t\t<\/div>\n\t\t\t\t\t<\/div>\n\t\t\t\t<\/div>\n\t\t<div class=\"elementor-element elementor-element-12374f6 e-flex e-con-boxed e-con e-parent\" data-id=\"12374f6\" data-element_type=\"container\" data-e-type=\"container\">\n\t\t\t\t\t<div class=\"e-con-inner\">\n\t\t\t\t<div class=\"elementor-element elementor-element-13a717d elementor-widget elementor-widget-heading\" data-id=\"13a717d\" data-element_type=\"widget\" data-e-type=\"widget\" id=\"Histoire\" data-widget_type=\"heading.default\">\n\t\t\t\t<div class=\"elementor-widget-container\">\n\t\t\t\t\t<h2 class=\"elementor-heading-title elementor-size-default\">Un peu d'histoire...<\/h2>\t\t\t\t<\/div>\n\t\t\t\t<\/div>\n\t\t\t\t\t<\/div>\n\t\t\t\t<\/div>\n\t\t<div class=\"elementor-element elementor-element-22b96b8 e-flex e-con-boxed e-con e-parent\" data-id=\"22b96b8\" data-element_type=\"container\" data-e-type=\"container\">\n\t\t\t\t\t<div class=\"e-con-inner\">\n\t\t\t\t<div class=\"elementor-element elementor-element-c71c37f elementor-widget elementor-widget-text-editor\" data-id=\"c71c37f\" data-element_type=\"widget\" data-e-type=\"widget\" data-widget_type=\"text-editor.default\">\n\t\t\t\t<div class=\"elementor-widget-container\">\n\t\t\t\t\t\t\t\t\t<p><img decoding=\"async\" class=\"wp-image-3451 size-medium alignright\" src=\"https:\/\/evenement.oeuvre-orient.fr\/wp-content\/uploads\/2026\/04\/Ecole-Paisakari-Annees-1950-scaled-e1776776872485-300x193.jpg\" alt=\"\u00c9cole, Paisakari, ann\u00e9es\" width=\"300\" height=\"193\" srcset=\"https:\/\/evenement.oeuvre-orient.fr\/wp-content\/uploads\/2026\/04\/Ecole-Paisakari-Annees-1950-scaled-e1776776872485-300x193.jpg 300w, https:\/\/evenement.oeuvre-orient.fr\/wp-content\/uploads\/2026\/04\/Ecole-Paisakari-Annees-1950-scaled-e1776776872485-1024x660.jpg 1024w, https:\/\/evenement.oeuvre-orient.fr\/wp-content\/uploads\/2026\/04\/Ecole-Paisakari-Annees-1950-scaled-e1776776872485-768x495.jpg 768w, https:\/\/evenement.oeuvre-orient.fr\/wp-content\/uploads\/2026\/04\/Ecole-Paisakari-Annees-1950-scaled-e1776776872485-1536x991.jpg 1536w, https:\/\/evenement.oeuvre-orient.fr\/wp-content\/uploads\/2026\/04\/Ecole-Paisakari-Annees-1950-scaled-e1776776872485-2048x1321.jpg 2048w, https:\/\/evenement.oeuvre-orient.fr\/wp-content\/uploads\/2026\/04\/Ecole-Paisakari-Annees-1950-scaled-e1776776872485-18x12.jpg 18w\" sizes=\"(max-width: 300px) 100vw, 300px\" \/><span style=\"text-align: left; white-space: normal;\"><strong>L\u2019\u0152uvre d\u2019Orient voit le jour en 1856<\/strong> dans un contexte historique majeur : la fin de la guerre de Crim\u00e9e et la signature du trait\u00e9 de Paris qui reconna\u00eet \u00e0 la France un r\u00f4le de protection des chr\u00e9tiens de l\u2019Empire ottoman. Alors appel\u00e9e <strong>\u0152uvre des \u00c9coles d\u2019Orient<\/strong>, elle est cr\u00e9\u00e9e \u00e0 l\u2019initiative de la\u00efcs professeurs en Sorbonne r\u00e9unis autour du baron Cauchy, pour <strong>soutenir la cr\u00e9ation d\u2019\u00e9coles au Liban<\/strong>, convaincus que l\u2019\u00e9ducation est un levier essentiel pour l\u2019avenir de toute soci\u00e9t\u00e9. <\/span><\/p><p><span style=\"text-align: left; white-space: normal;\"><strong>En 1860<\/strong>, apr\u00e8s les massacres de chr\u00e9tiens par les Druzes,<strong> l\u2019abb\u00e9 Charles Lavigerie<\/strong>, premier directeur, <strong>recommande d\u2019\u00e9largir son champ d\u2019action<\/strong>. Ce sera le d\u00e9but d\u2019une grande histoire de solidarit\u00e9.<\/span><\/p><p><span style=\"text-align: left; white-space: normal;\">Ainsi, <strong>d\u00e8s 1895, Mgr F\u00e9lix Charmetant<\/strong>, directeur, fut l\u2019un des personnages les plus actifs en France pour <strong>d\u00e9noncer les massacres et les crimes que subissent les Arm\u00e9niens et collecter des fonds pour les aider<\/strong>.<\/span><\/p><div>\u00a0<\/div><p><strong style=\"text-align: justify;\"><span style=\"text-align: left;\">En 2026, L\u2019\u0152uvre d\u2019Orient, association fran\u00e7aise apolitique, f\u00eate ses 170 ans.<\/span><\/strong><\/p><p style=\"line-height: 1.3; font-size: 16px; text-align: justify;\" data-elementor-setting-key=\"title\" data-pen-placeholder=\"\u00c9crivez ici...\"><span style=\"text-align: left; white-space: normal;\">Pr\u00e9sente dans <strong>23 pays, du Moyen-Orient \u00e0 l\u2019Europe orientale, de la Corne de l\u2019Afrique au sud de l\u2019Inde<\/strong>, elle soutient les communaut\u00e9s chr\u00e9tiennes qui agissent que sur le terrain, au quotidien, aupr\u00e8s de tous par l\u2019\u00e9ducation, les soins, l\u2019aide sociale et humanitaire, la culture et le patrimoine.<\/span><\/p>\t\t\t\t\t\t\t\t<\/div>\n\t\t\t\t<\/div>\n\t\t\t\t\t<\/div>\n\t\t\t\t<\/div>\n\t\t<div class=\"elementor-element elementor-element-baf17f7 e-flex e-con-boxed e-con e-parent\" data-id=\"baf17f7\" data-element_type=\"container\" data-e-type=\"container\">\n\t\t\t\t\t<div class=\"e-con-inner\">\n\t\t\t\t<div class=\"elementor-element elementor-element-4ec0af2 elementor-widget-divider--view-line elementor-widget elementor-widget-divider\" data-id=\"4ec0af2\" data-element_type=\"widget\" data-e-type=\"widget\" data-widget_type=\"divider.default\">\n\t\t\t\t<div class=\"elementor-widget-container\">\n\t\t\t\t\t\t\t<div class=\"elementor-divider\">\n\t\t\t<span class=\"elementor-divider-separator\">\n\t\t\t\t\t\t<\/span>\n\t\t<\/div>\n\t\t\t\t\t\t<\/div>\n\t\t\t\t<\/div>\n\t\t\t\t\t<\/div>\n\t\t\t\t<\/div>\n\t\t<div class=\"elementor-element elementor-element-07a6dc0 e-flex e-con-boxed e-con e-parent\" data-id=\"07a6dc0\" data-element_type=\"container\" data-e-type=\"container\">\n\t\t\t\t\t<div class=\"e-con-inner\">\n\t\t<div class=\"elementor-element elementor-element-fe652fb e-con-full e-flex e-con e-child\" data-id=\"fe652fb\" data-element_type=\"container\" data-e-type=\"container\">\n\t\t\t\t<div class=\"elementor-element elementor-element-a01c827 elementor-widget elementor-widget-image\" data-id=\"a01c827\" data-element_type=\"widget\" data-e-type=\"widget\" data-widget_type=\"image.default\">\n\t\t\t\t<div class=\"elementor-widget-container\">\n\t\t\t\t\t\t\t\t\t\t\t\t\t\t\t<img loading=\"lazy\" decoding=\"async\" width=\"300\" height=\"300\" src=\"https:\/\/evenement.oeuvre-orient.fr\/wp-content\/uploads\/2026\/04\/HDW-300x300.png\" class=\"attachment-medium size-medium wp-image-3463\" alt=\"HDW\" srcset=\"https:\/\/evenement.oeuvre-orient.fr\/wp-content\/uploads\/2026\/04\/HDW-300x300.png 300w, https:\/\/evenement.oeuvre-orient.fr\/wp-content\/uploads\/2026\/04\/HDW-1024x1024.png 1024w, https:\/\/evenement.oeuvre-orient.fr\/wp-content\/uploads\/2026\/04\/HDW-150x150.png 150w, https:\/\/evenement.oeuvre-orient.fr\/wp-content\/uploads\/2026\/04\/HDW-768x768.png 768w, https:\/\/evenement.oeuvre-orient.fr\/wp-content\/uploads\/2026\/04\/HDW-1536x1536.png 1536w, https:\/\/evenement.oeuvre-orient.fr\/wp-content\/uploads\/2026\/04\/HDW-2048x2048.png 2048w, https:\/\/evenement.oeuvre-orient.fr\/wp-content\/uploads\/2026\/04\/HDW-12x12.png 12w\" sizes=\"(max-width: 300px) 100vw, 300px\" \/>\t\t\t\t\t\t\t\t\t\t\t\t\t\t\t<\/div>\n\t\t\t\t<\/div>\n\t\t\t\t<\/div>\n\t\t<div class=\"elementor-element elementor-element-c08ff67 e-con-full e-flex e-con e-child\" data-id=\"c08ff67\" data-element_type=\"container\" data-e-type=\"container\">\n\t\t\t\t<div class=\"elementor-element elementor-element-053cbed elementor-widget elementor-widget-text-editor\" data-id=\"053cbed\" data-element_type=\"widget\" data-e-type=\"widget\" id=\"Mot\" data-widget_type=\"text-editor.default\">\n\t\t\t\t<div class=\"elementor-widget-container\">\n\t\t\t\t\t\t\t\t\t<p>\u00a0<\/p><p>Chers amis,<\/p><p>Nous sommes tr\u00e8s heureux de vous accueillir \u00e0 Paris pour les 170 ans de notre maison !<\/p><p>Que ces c\u00e9l\u00e9brations soient le signe vivant de nos liens toujours plus forts, d&rsquo;attachement entre nos \u00c9glises en ces temps toujours plus troubl\u00e9s.\u00a0<\/p><p>Nous souhaitons que ces moments soient des moments de pri\u00e8res fraternelles et de convivialit\u00e9s.<\/p><p>Veuillez toujours consid\u00e9rer L\u2019\u0152uvre d&rsquo;Orient comme la v\u00f4tre !<\/p><p><strong>Mgr Hugues de Woillemont<\/strong>, Directeur g\u00e9n\u00e9ral de L\u2019\u0152uvre d&rsquo;Orient<\/p>\t\t\t\t\t\t\t\t<\/div>\n\t\t\t\t<\/div>\n\t\t\t\t<\/div>\n\t\t\t\t\t<\/div>\n\t\t\t\t<\/div>\n\t\t<div class=\"elementor-element elementor-element-17573b5 e-flex e-con-boxed e-con e-parent\" data-id=\"17573b5\" data-element_type=\"container\" data-e-type=\"container\">\n\t\t\t\t\t<div class=\"e-con-inner\">\n\t\t\t\t<div class=\"elementor-element elementor-element-6ef3527 elementor-widget-divider--view-line elementor-widget elementor-widget-divider\" data-id=\"6ef3527\" data-element_type=\"widget\" data-e-type=\"widget\" data-widget_type=\"divider.default\">\n\t\t\t\t<div class=\"elementor-widget-container\">\n\t\t\t\t\t\t\t<div class=\"elementor-divider\">\n\t\t\t<span class=\"elementor-divider-separator\">\n\t\t\t\t\t\t<\/span>\n\t\t<\/div>\n\t\t\t\t\t\t<\/div>\n\t\t\t\t<\/div>\n\t\t\t\t\t<\/div>\n\t\t\t\t<\/div>\n\t\t<div class=\"elementor-element elementor-element-bc15bde e-flex e-con-boxed e-con e-parent\" data-id=\"bc15bde\" data-element_type=\"container\" data-e-type=\"container\">\n\t\t\t\t\t<div class=\"e-con-inner\">\n\t\t\t\t<div class=\"elementor-element elementor-element-238e8d8 elementor-widget elementor-widget-heading\" data-id=\"238e8d8\" data-element_type=\"widget\" data-e-type=\"widget\" id=\"Programme\" data-widget_type=\"heading.default\">\n\t\t\t\t<div class=\"elementor-widget-container\">\n\t\t\t\t\t<h2 class=\"elementor-heading-title elementor-size-default\">Programme du 9 et 10 mai 2026<\/h2>\t\t\t\t<\/div>\n\t\t\t\t<\/div>\n\t\t\t\t\t<\/div>\n\t\t\t\t<\/div>\n\t\t<div class=\"elementor-element elementor-element-12b2fe9 e-flex e-con-boxed e-con e-parent\" data-id=\"12b2fe9\" data-element_type=\"container\" data-e-type=\"container\">\n\t\t\t\t\t<div class=\"e-con-inner\">\n\t\t<div class=\"elementor-element elementor-element-45ea122 e-con-full e-flex e-con e-child\" data-id=\"45ea122\" data-element_type=\"container\" data-e-type=\"container\">\n\t\t\t\t<div class=\"elementor-element elementor-element-cc0fd3b elementor-widget elementor-widget-heading\" data-id=\"cc0fd3b\" data-element_type=\"widget\" data-e-type=\"widget\" data-widget_type=\"heading.default\">\n\t\t\t\t<div class=\"elementor-widget-container\">\n\t\t\t\t\t<h2 class=\"elementor-heading-title elementor-size-default\">Samedi 9 mai<\/h2>\t\t\t\t<\/div>\n\t\t\t\t<\/div>\n\t\t\t\t<div class=\"elementor-element elementor-element-0791a63 elementor-widget elementor-widget-text-editor\" data-id=\"0791a63\" data-element_type=\"widget\" data-e-type=\"widget\" data-widget_type=\"text-editor.default\">\n\t\t\t\t<div class=\"elementor-widget-container\">\n\t\t\t\t\t\t\t\t\t<ul><li><strong>9h30<\/strong> : Accueil chez les Lazaristes<\/li><\/ul><div>\u00a0<\/div><ul><li><strong>10h30<\/strong> : Allocutions de l&rsquo;archev\u00eaque de Paris, du Directeur g\u00e9n\u00e9ral et du Pr\u00e9sident de <span style=\"text-align: left; white-space: normal;\">L\u2019\u0152uvre d\u2019Orient<\/span><\/li><\/ul><div>\u00a0<\/div><ul><li><strong>11h15<\/strong> : Photos officielles du clerg\u00e9 et des \u00e9quipes de <span style=\"text-align: left; white-space: normal;\">L\u2019\u0152uvre d\u2019Orient<\/span><\/li><\/ul><div>\u00a0<\/div><ul><li><strong>13h00<\/strong> : D\u00e9jeuner d&rsquo;anniversaire &amp; festivit\u00e9s<\/li><\/ul><div>\u00a0<\/div><ul><li><p>Temps de repos avec possibilit\u00e9 de se restaurer \u00e0 <span style=\"text-align: left; white-space: normal;\">L\u2019\u0152uvre d\u2019Orient (17 Rue du Regard) et d\u00e9part pour le Palais du Luxembourg<\/span><\/p><\/li><\/ul><div>\u00a0<\/div><ul><li><strong>17h00 &#8211; 21h30<\/strong> : R\u00e9ception dans les Salons de Boffrand<\/li><\/ul>\t\t\t\t\t\t\t\t<\/div>\n\t\t\t\t<\/div>\n\t\t\t\t<\/div>\n\t\t<div class=\"elementor-element elementor-element-79395ad e-con-full e-flex e-con e-child\" data-id=\"79395ad\" data-element_type=\"container\" data-e-type=\"container\">\n\t\t\t\t<div class=\"elementor-element elementor-element-639024d elementor-widget elementor-widget-heading\" data-id=\"639024d\" data-element_type=\"widget\" data-e-type=\"widget\" data-widget_type=\"heading.default\">\n\t\t\t\t<div class=\"elementor-widget-container\">\n\t\t\t\t\t<h2 class=\"elementor-heading-title elementor-size-default\">Dimanche 10 mai<\/h2>\t\t\t\t<\/div>\n\t\t\t\t<\/div>\n\t\t\t\t<div class=\"elementor-element elementor-element-421e916 elementor-widget elementor-widget-text-editor\" data-id=\"421e916\" data-element_type=\"widget\" data-e-type=\"widget\" data-widget_type=\"text-editor.default\">\n\t\t\t\t<div class=\"elementor-widget-container\">\n\t\t\t\t\t\t\t\t\t<ul><li><b>Matin &amp; D\u00e9jeuner <\/b>: Temps libre<\/li><\/ul><div>\u00a0<\/div><ul><li><strong>14h00<\/strong> : Accueil des conc\u00e9l\u00e9brants \u00e0 la sacristie\u00a0<\/li><\/ul><div>\u00a0<\/div><ul><li><strong>15h00<\/strong> : Messe de la Journ\u00e9e des chr\u00e9tiens d&rsquo;Orient en la cath\u00e9drale Notre-Dame de Paris<\/li><\/ul><div>\u00a0<\/div><ul><li>Trajet vers l&rsquo;\u00e9glise Saint-S\u00e9verin (10 minutes \u00e0 pied)<\/li><\/ul><div>\u00a0<\/div><ul><li><strong>17h00<\/strong> : R\u00e9ception dans le clo\u00eetre de l&rsquo;\u00e9glise Saint-S\u00e9verin<\/li><\/ul>\t\t\t\t\t\t\t\t<\/div>\n\t\t\t\t<\/div>\n\t\t\t\t<\/div>\n\t\t\t\t\t<\/div>\n\t\t\t\t<\/div>\n\t\t<div class=\"elementor-element elementor-element-1782926 e-flex e-con-boxed e-con e-parent\" data-id=\"1782926\" data-element_type=\"container\" data-e-type=\"container\">\n\t\t\t\t\t<div class=\"e-con-inner\">\n\t\t\t\t<div class=\"elementor-element elementor-element-bffd726 elementor-widget elementor-widget-spacer\" data-id=\"bffd726\" data-element_type=\"widget\" data-e-type=\"widget\" data-widget_type=\"spacer.default\">\n\t\t\t\t<div class=\"elementor-widget-container\">\n\t\t\t\t\t\t\t<div class=\"elementor-spacer\">\n\t\t\t<div class=\"elementor-spacer-inner\"><\/div>\n\t\t<\/div>\n\t\t\t\t\t\t<\/div>\n\t\t\t\t<\/div>\n\t\t\t\t\t<\/div>\n\t\t\t\t<\/div>\n\t\t<div class=\"elementor-element elementor-element-75bd761 e-flex e-con-boxed e-con e-parent\" data-id=\"75bd761\" data-element_type=\"container\" data-e-type=\"container\">\n\t\t\t\t\t<div class=\"e-con-inner\">\n\t\t\t\t<div class=\"elementor-element elementor-element-2220f4d elementor-widget elementor-widget-heading\" data-id=\"2220f4d\" data-element_type=\"widget\" data-e-type=\"widget\" data-widget_type=\"heading.default\">\n\t\t\t\t<div class=\"elementor-widget-container\">\n\t\t\t\t\t<h2 class=\"elementor-heading-title elementor-size-default\">Les lieux des festivit\u00e9s<\/h2>\t\t\t\t<\/div>\n\t\t\t\t<\/div>\n\t\t\t\t\t<\/div>\n\t\t\t\t<\/div>\n\t\t<div class=\"elementor-element elementor-element-47b92ca e-flex e-con-boxed e-con e-parent\" data-id=\"47b92ca\" data-element_type=\"container\" data-e-type=\"container\">\n\t\t\t\t\t<div class=\"e-con-inner\">\n\t\t<div class=\"elementor-element elementor-element-e4c02a6 e-con-full e-flex e-con e-child\" data-id=\"e4c02a6\" data-element_type=\"container\" data-e-type=\"container\">\n\t\t\t\t<div class=\"elementor-element elementor-element-56e7fec elementor-widget elementor-widget-text-editor\" data-id=\"56e7fec\" data-element_type=\"widget\" data-e-type=\"widget\" data-widget_type=\"text-editor.default\">\n\t\t\t\t<div class=\"elementor-widget-container\">\n\t\t\t\t\t\t\t\t\t<p>\u00a0<\/p><p>\u00a0<\/p><p>\u00a0<\/p><p><strong>1. Les Lazaristes<\/strong> : 95 Rue de S\u00e8vres &#8211; 75015<\/p><p>\u00a0<\/p><p><strong>2. L\u2019\u0152uvre d\u2019Orient<\/strong> : 17 Rue du Regard &#8211; 75006<\/p><p>\u00a0<\/p><p><strong>3. Palais du Luxembourg (S\u00e9nat)<\/strong> : 15 Rue de Vaugirard &#8211; 75006<\/p><p>\u00a0<\/p><p><strong>4. Cath\u00e9drale Notre-Dame de Paris<\/strong> : 6 Parvis Notre-Dame &#8211; 75004<\/p><p>\u00a0<\/p><p><strong>5. \u00c9glise Saint-S\u00e9verin<\/strong> : 1 Rue des Pr\u00eatres Saint S\u00e9verin &#8211; 75005<\/p>\t\t\t\t\t\t\t\t<\/div>\n\t\t\t\t<\/div>\n\t\t\t\t<\/div>\n\t\t<div class=\"elementor-element elementor-element-b7bf441 e-con-full e-flex e-con e-child\" data-id=\"b7bf441\" data-element_type=\"container\" data-e-type=\"container\">\n\t\t\t\t<div class=\"elementor-element elementor-element-43d56c2 elementor-widget elementor-widget-image\" data-id=\"43d56c2\" data-element_type=\"widget\" data-e-type=\"widget\" data-widget_type=\"image.default\">\n\t\t\t\t<div class=\"elementor-widget-container\">\n\t\t\t\t\t\t\t\t\t\t\t\t\t\t\t<img loading=\"lazy\" decoding=\"async\" width=\"684\" height=\"625\" src=\"https:\/\/evenement.oeuvre-orient.fr\/wp-content\/uploads\/2026\/04\/Plan--e1777277495477.png\" class=\"attachment-medium_large size-medium_large wp-image-3619\" alt=\"Plan\" srcset=\"https:\/\/evenement.oeuvre-orient.fr\/wp-content\/uploads\/2026\/04\/Plan--e1777277495477.png 684w, https:\/\/evenement.oeuvre-orient.fr\/wp-content\/uploads\/2026\/04\/Plan--e1777277495477-300x274.png 300w, https:\/\/evenement.oeuvre-orient.fr\/wp-content\/uploads\/2026\/04\/Plan--e1777277495477-13x12.png 13w\" sizes=\"(max-width: 684px) 100vw, 684px\" \/>\t\t\t\t\t\t\t\t\t\t\t\t\t\t\t<\/div>\n\t\t\t\t<\/div>\n\t\t\t\t<\/div>\n\t\t\t\t\t<\/div>\n\t\t\t\t<\/div>\n\t\t<div class=\"elementor-element elementor-element-0d4eb4c e-flex e-con-boxed e-con e-parent\" data-id=\"0d4eb4c\" data-element_type=\"container\" data-e-type=\"container\">\n\t\t\t\t\t<div class=\"e-con-inner\">\n\t\t\t\t<div class=\"elementor-element elementor-element-af9c1b9 elementor-widget elementor-widget-n-accordion\" data-id=\"af9c1b9\" data-element_type=\"widget\" data-e-type=\"widget\" data-settings=\"{&quot;default_state&quot;:&quot;expanded&quot;,&quot;max_items_expended&quot;:&quot;one&quot;,&quot;n_accordion_animation_duration&quot;:{&quot;unit&quot;:&quot;ms&quot;,&quot;size&quot;:400,&quot;sizes&quot;:[]}}\" data-widget_type=\"nested-accordion.default\">\n\t\t\t\t<div class=\"elementor-widget-container\">\n\t\t\t\t\t\t\t<div class=\"e-n-accordion\" aria-label=\"Accordion. Open links with Enter or Space, close with Escape, and navigate with Arrow Keys\">\n\t\t\t\t\t\t<details id=\"e-n-accordion-item-1840\" class=\"e-n-accordion-item\" open>\n\t\t\t\t<summary class=\"e-n-accordion-item-title\" data-accordion-index=\"1\" tabindex=\"0\" aria-expanded=\"true\" aria-controls=\"e-n-accordion-item-1840\" >\n\t\t\t\t\t<span class='e-n-accordion-item-title-header'><div class=\"e-n-accordion-item-title-text\"> Venir en transports en commun <\/div><\/span>\n\t\t\t\t\t\t\t<span class='e-n-accordion-item-title-icon'>\n\t\t\t<span class='e-opened' ><svg aria-hidden=\"true\" class=\"e-font-icon-svg e-fas-minus\" viewbox=\"0 0 448 512\" xmlns=\"http:\/\/www.w3.org\/2000\/svg\"><path d=\"M416 208H32c-17.67 0-32 14.33-32 32v32c0 17.67 14.33 32 32 32h384c17.67 0 32-14.33 32-32v-32c0-17.67-14.33-32-32-32z\"><\/path><\/svg><\/span>\n\t\t\t<span class='e-closed'><svg aria-hidden=\"true\" class=\"e-font-icon-svg e-fas-plus\" viewbox=\"0 0 448 512\" xmlns=\"http:\/\/www.w3.org\/2000\/svg\"><path d=\"M416 208H272V64c0-17.67-14.33-32-32-32h-32c-17.67 0-32 14.33-32 32v144H32c-17.67 0-32 14.33-32 32v32c0 17.67 14.33 32 32 32h144v144c0 17.67 14.33 32 32 32h32c17.67 0 32-14.33 32-32V304h144c17.67 0 32-14.33 32-32v-32c0-17.67-14.33-32-32-32z\"><\/path><\/svg><\/span>\n\t\t<\/span>\n\n\t\t\t\t\t\t<\/summary>\n\t\t\t\t<div role=\"region\" aria-labelledby=\"e-n-accordion-item-1840\" class=\"elementor-element elementor-element-bf8e0d7 e-con-full e-flex e-con e-child\" data-id=\"bf8e0d7\" data-element_type=\"container\" data-e-type=\"container\">\n\t\t<div role=\"region\" aria-labelledby=\"e-n-accordion-item-1840\" class=\"elementor-element elementor-element-63ca89a e-flex e-con-boxed e-con e-child\" data-id=\"63ca89a\" data-element_type=\"container\" data-e-type=\"container\">\n\t\t\t\t\t<div class=\"e-con-inner\">\n\t\t\t\t<div class=\"elementor-element elementor-element-e7c9bfb elementor-widget elementor-widget-text-editor\" data-id=\"e7c9bfb\" data-element_type=\"widget\" data-e-type=\"widget\" data-widget_type=\"text-editor.default\">\n\t\t\t\t<div class=\"elementor-widget-container\">\n\t\t\t\t\t\t\t\t\t<ul>\n<li><strong>Les Lazaristes<\/strong><strong><br>M\u00e9tro : <\/strong>Ligne 10 &#8211;&nbsp; Station Vaneau<\/li>\n<\/ul><div><br><\/div>\n<ul>\n<li><strong>L\u2019\u0152uvre d\u2019Orient<br>M\u00e9tro<\/strong> : Ligne 4 &#8211;&nbsp; Station Saint Placide<\/li>\n<\/ul><div><br><\/div>\n<ul>\n<li><strong>Palais du Luxembourg (S\u00e9nat)<br>M\u00e9tro<\/strong> : Ligne 4 &#8211;&nbsp; Stations Saint-Sulpice \/ Od\u00e9on<br><strong>RER B<\/strong> : Station Luxembourg<\/li>\n<\/ul><div><br><\/div>\n<ul>\n<li><strong>Cath\u00e9drale Notre-Dame de Paris<\/strong><br><strong>M\u00e9tro<\/strong> :&nbsp; Ligne 4 &#8211;&nbsp; Station Cit\u00e9<br><strong>RER C<\/strong> : Station Saint-Michel<\/li><\/ul><div><br><\/div><ul>\n<li><strong>\u00c9glise Saint-S\u00e9verin<\/strong> :<br><strong>M\u00e9tro<\/strong> : Ligne 10 &#8211;&nbsp; Station Cluny &#8211; La Sorbonne<\/li>\n<\/ul>\t\t\t\t\t\t\t\t<\/div>\n\t\t\t\t<\/div>\n\t\t\t\t\t<\/div>\n\t\t\t\t<\/div>\n\t\t\t\t<\/div>\n\t\t\t\t\t<\/details>\n\t\t\t\t\t<\/div>\n\t\t\t\t\t\t<\/div>\n\t\t\t\t<\/div>\n\t\t\t\t\t<\/div>\n\t\t\t\t<\/div>\n\t\t<div class=\"elementor-element elementor-element-453ea5c e-flex e-con-boxed e-con e-parent\" data-id=\"453ea5c\" data-element_type=\"container\" data-e-type=\"container\">\n\t\t\t\t\t<div class=\"e-con-inner\">\n\t\t<div class=\"elementor-element elementor-element-80674d4 e-con-full e-flex e-con e-child\" data-id=\"80674d4\" data-element_type=\"container\" data-e-type=\"container\">\n\t\t\t\t<div class=\"elementor-element elementor-element-4171cbd elementor-widget elementor-widget-heading\" data-id=\"4171cbd\" data-element_type=\"widget\" data-e-type=\"widget\" data-widget_type=\"heading.default\">\n\t\t\t\t<div class=\"elementor-widget-container\">\n\t\t\t\t\t<h2 class=\"elementor-heading-title elementor-size-default\">Messe annuelle de <br>L'\u0152uvre d'Orient  <br>10 mai 2026<\/h2>\t\t\t\t<\/div>\n\t\t\t\t<\/div>\n\t\t\t\t<div class=\"elementor-element elementor-element-243bb5c elementor-widget elementor-widget-text-editor\" data-id=\"243bb5c\" data-element_type=\"widget\" data-e-type=\"widget\" data-widget_type=\"text-editor.default\">\n\t\t\t\t<div class=\"elementor-widget-container\">\n\t\t\t\t\t\t\t\t\t<p><strong>\u00c0 l&rsquo;occasion de la Journ\u00e9e des chr\u00e9tiens d&rsquo;Orient, la messe annuelle de L&rsquo;\u0152uvre d&rsquo;Orient sera c\u00e9l\u00e9br\u00e9e en la cath\u00e9dr\u00e2le Notre-Dame de Paris.<\/strong><\/p><p>Elle sera pr\u00e9sid\u00e9e par S.E le cardinal Claudio Gugerotti, en pr\u00e9sence de Mgr Laurent Ulrich, archev\u00eaque de Paris et de Mgr Hugues de Woillemont, directeur de l&rsquo;association.<span style=\"background-color: transparent;\">\u00a0<\/span><\/p>\t\t\t\t\t\t\t\t<\/div>\n\t\t\t\t<\/div>\n\t\t\t\t<\/div>\n\t\t<div class=\"elementor-element elementor-element-7eacc57 e-con-full e-flex e-con e-child\" data-id=\"7eacc57\" data-element_type=\"container\" data-e-type=\"container\">\n\t\t\t\t<div class=\"elementor-element elementor-element-3694fdc elementor-widget elementor-widget-image\" data-id=\"3694fdc\" data-element_type=\"widget\" data-e-type=\"widget\" data-widget_type=\"image.default\">\n\t\t\t\t<div class=\"elementor-widget-container\">\n\t\t\t\t\t\t\t\t\t\t\t\t\t\t\t<img loading=\"lazy\" decoding=\"async\" width=\"800\" height=\"680\" src=\"https:\/\/evenement.oeuvre-orient.fr\/wp-content\/uploads\/2026\/04\/Invitation-personnelle-_-messe-des-170-ans-de-LOEuvre-dOrient_page-0001-e1776853720813-1024x871.jpg\" class=\"attachment-large size-large wp-image-3512\" alt=\"Invitation personnelle messe des 170 ans de L&#039;\u0152uvre d&#039;Orient page\" srcset=\"https:\/\/evenement.oeuvre-orient.fr\/wp-content\/uploads\/2026\/04\/Invitation-personnelle-_-messe-des-170-ans-de-LOEuvre-dOrient_page-0001-e1776853720813-1024x871.jpg 1024w, https:\/\/evenement.oeuvre-orient.fr\/wp-content\/uploads\/2026\/04\/Invitation-personnelle-_-messe-des-170-ans-de-LOEuvre-dOrient_page-0001-e1776853720813-300x255.jpg 300w, https:\/\/evenement.oeuvre-orient.fr\/wp-content\/uploads\/2026\/04\/Invitation-personnelle-_-messe-des-170-ans-de-LOEuvre-dOrient_page-0001-e1776853720813-768x653.jpg 768w, https:\/\/evenement.oeuvre-orient.fr\/wp-content\/uploads\/2026\/04\/Invitation-personnelle-_-messe-des-170-ans-de-LOEuvre-dOrient_page-0001-e1776853720813-14x12.jpg 14w, https:\/\/evenement.oeuvre-orient.fr\/wp-content\/uploads\/2026\/04\/Invitation-personnelle-_-messe-des-170-ans-de-LOEuvre-dOrient_page-0001-e1776853720813.jpg 1240w\" sizes=\"(max-width: 800px) 100vw, 800px\" \/>\t\t\t\t\t\t\t\t\t\t\t\t\t\t\t<\/div>\n\t\t\t\t<\/div>\n\t\t\t\t<\/div>\n\t\t\t\t\t<\/div>\n\t\t\t\t<\/div>\n\t\t<div class=\"elementor-element elementor-element-99deb9e e-flex e-con-boxed e-con e-parent\" data-id=\"99deb9e\" data-element_type=\"container\" data-e-type=\"container\">\n\t\t\t\t\t<div class=\"e-con-inner\">\n\t\t\t\t<div class=\"elementor-element elementor-element-2b10645 elementor-widget elementor-widget-heading\" data-id=\"2b10645\" data-element_type=\"widget\" data-e-type=\"widget\" data-widget_type=\"heading.default\">\n\t\t\t\t<div class=\"elementor-widget-container\">\n\t\t\t\t\t<h2 class=\"elementor-heading-title elementor-size-default\">Conf\u00e9rence au Parlement europ\u00e9en - 12 mai 2026<\/h2>\t\t\t\t<\/div>\n\t\t\t\t<\/div>\n\t\t\t\t\t<\/div>\n\t\t\t\t<\/div>\n\t\t<div class=\"elementor-element elementor-element-3b21011 e-flex e-con-boxed e-con e-parent\" data-id=\"3b21011\" data-element_type=\"container\" data-e-type=\"container\">\n\t\t\t\t\t<div class=\"e-con-inner\">\n\t\t<div class=\"elementor-element elementor-element-19f650a e-con-full e-flex e-con e-child\" data-id=\"19f650a\" data-element_type=\"container\" data-e-type=\"container\">\n\t\t\t\t<div class=\"elementor-element elementor-element-bc42666 elementor-widget elementor-widget-image\" data-id=\"bc42666\" data-element_type=\"widget\" data-e-type=\"widget\" data-widget_type=\"image.default\">\n\t\t\t\t<div class=\"elementor-widget-container\">\n\t\t\t\t\t\t\t\t\t\t\t\t\t\t\t<img loading=\"lazy\" decoding=\"async\" width=\"768\" height=\"1024\" src=\"https:\/\/evenement.oeuvre-orient.fr\/wp-content\/uploads\/2026\/04\/Affiche-conf-12-mai-Bruxelles-FR-image-768x1024.jpg\" class=\"attachment-large size-large wp-image-3618\" alt=\"Affiche conf 12 mai Bruxelles FR image\" srcset=\"https:\/\/evenement.oeuvre-orient.fr\/wp-content\/uploads\/2026\/04\/Affiche-conf-12-mai-Bruxelles-FR-image-768x1024.jpg 768w, https:\/\/evenement.oeuvre-orient.fr\/wp-content\/uploads\/2026\/04\/Affiche-conf-12-mai-Bruxelles-FR-image-225x300.jpg 225w, https:\/\/evenement.oeuvre-orient.fr\/wp-content\/uploads\/2026\/04\/Affiche-conf-12-mai-Bruxelles-FR-image-1152x1536.jpg 1152w, https:\/\/evenement.oeuvre-orient.fr\/wp-content\/uploads\/2026\/04\/Affiche-conf-12-mai-Bruxelles-FR-image-1536x2048.jpg 1536w, https:\/\/evenement.oeuvre-orient.fr\/wp-content\/uploads\/2026\/04\/Affiche-conf-12-mai-Bruxelles-FR-image-9x12.jpg 9w, https:\/\/evenement.oeuvre-orient.fr\/wp-content\/uploads\/2026\/04\/Affiche-conf-12-mai-Bruxelles-FR-image-scaled.jpg 1920w\" sizes=\"(max-width: 768px) 100vw, 768px\" \/>\t\t\t\t\t\t\t\t\t\t\t\t\t\t\t<\/div>\n\t\t\t\t<\/div>\n\t\t\t\t<\/div>\n\t\t<div class=\"elementor-element elementor-element-4bc128d e-con-full e-flex e-con e-child\" data-id=\"4bc128d\" data-element_type=\"container\" data-e-type=\"container\">\n\t\t\t\t<div class=\"elementor-element elementor-element-17826c8 elementor-widget elementor-widget-text-editor\" data-id=\"17826c8\" data-element_type=\"widget\" data-e-type=\"widget\" data-widget_type=\"text-editor.default\">\n\t\t\t\t<div class=\"elementor-widget-container\">\n\t\t\t\t\t\t\t\t\t<p style=\"color: rgba(0, 0, 0, 0.87); text-align: justify;\">Chers amis,<\/p><p style=\"color: rgba(0, 0, 0, 0.87); text-align: justify;\"><span data-ogsc=\"black\" data-olk-copy-source=\"MessageBody\">Dans le cadre des\u00a0<span data-ogsc=\"\">170 ans de L\u2019\u0152uvre d\u2019Orient<\/span>, nous avons le plaisir de vous inviter \u00e0 une conf\u00e9rence parrain\u00e9e par le\u00a0<span style=\"font-weight: bold;\" data-ogsc=\"\">d\u00e9put\u00e9 europ\u00e9en Fran\u00e7ois-Xavier Bellamy<\/span>\u00a0au\u00a0<span style=\"font-weight: bold;\" data-ogsc=\"\">Parlement europ\u00e9en (salle SPINELLI 3E2)<\/span>\u00a0\u00e0 Bruxelles le<span style=\"font-weight: bold;\" data-ogsc=\"\">\u00a0mardi 12 mai de 18h00 \u00e0 19h45 :<\/span><\/span><\/p><p style=\"color: rgba(0, 0, 0, 0.87); text-align: justify;\"><span data-ogsc=\"black\" data-olk-copy-source=\"MessageBody\"><span style=\"font-weight: bold;\" data-ogsc=\"\">\u00a0<\/span><\/span><\/p><p style=\"color: rgba(0, 0, 0, 0.87); text-align: justify;\"><em>\u00ab Les chr\u00e9tiens d&rsquo;Orient, acteurs de paix en temps de guerre \u00bb<\/em><\/p><p style=\"color: rgba(0, 0, 0, 0.87); text-align: justify;\"><span data-ogsc=\"black\">Dans le contexte de la guerre au Moyen-Orient, cette conf\u00e9rence r\u00e9unira d\u2019\u00e9minents responsables religieux et de la soci\u00e9t\u00e9 civile \u0153uvrant<\/span>\u00a0pour la paix\u00a0<span data-ogsc=\"black\">en Syrie et au Liban, dont les t\u00e9moignages et l\u2019exp\u00e9rience apporteront un \u00e9clairage essentiel :<\/span><\/p><ul style=\"background: #ffffff; font-size: 16px; color: rgba(0, 0, 0, 0.87); text-align: justify;\"><li style=\"font-size: 16px;\"><span data-ogsc=\"black\"><span style=\"font-weight: bold;\" data-ogsc=\"\">Mgr Hanna Jalouf<\/span>,\u00a0<\/span>E<span data-ogsc=\"black\">v\u00eaque latin d\u2019Alep,<\/span>\u00a0a \u00e9t\u00e9 pr\u00eatre pendant 22 ans \u00e0 Idleb,\u00a0<span data-ogsc=\"black\">et aujourd\u2019hui une figure cl\u00e9 qui est Pr\u00e9sident de la Commission pour l\u2019\u00e9ducation des \u00e9coles chr\u00e9tiennes ;<\/span><\/li><\/ul><ul style=\"background: #ffffff; font-size: 16px; color: rgba(0, 0, 0, 0.87); text-align: justify;\"><li style=\"font-size: 16px;\"><span style=\"font-weight: bold;\">Mgr Jacques Mourad<\/span><span data-ogsc=\"black\">,\u00a0<\/span>A<span data-ogsc=\"black\">rchev\u00eaque catholique syriaque de Homs, qui a \u00e9t\u00e9 emprisonn\u00e9 par Daech et est depuis devenu une voix embl\u00e9matique de l\u2019\u00c9glise en Syrie ;<\/span><\/li><li style=\"font-size: 16px;\"><span style=\"font-weight: bold;\" data-ogsc=\"\">P\u00e8re<\/span><span style=\"font-weight: bold;\">\u00a0Youssef<span data-ogsc=\"black\">\u00a0Nasser<\/span><\/span><span data-ogsc=\"black\">,\u00a0<\/span>S<span data-ogsc=\"black\">ecr\u00e9taire g\u00e9n\u00e9ral des \u00e9coles catholiques au Liban, fera le point sur la situation dramatique de l\u2019\u00e9ducation au Liban ;<\/span><\/li><\/ul><ul style=\"background: #ffffff; font-size: 16px; color: rgba(0, 0, 0, 0.87); text-align: justify;\"><li style=\"font-size: 16px;\"><span style=\"font-weight: bold;\" data-ogsc=\"\">Myriam Shwayri<\/span>,\u00a0D<span data-ogsc=\"black\">irectrice de la Fondation Al Kafaat pour les personnes en situation de handicap au Liban. Elle est une figure de proue pour leur d\u00e9fense.<\/span><\/li><\/ul><div style=\"text-align: justify;\"><span style=\"color: rgba(0, 0, 0, 0.87);\">\u00a0<\/span><\/div><div style=\"text-align: justify;\"><p style=\"color: rgba(0, 0, 0, 0.87);\"><span style=\"font-weight: bold;\">La Commissaire de la M\u00e9diterran\u00e9e \u0160uica\u00a0<\/span><span data-ogsc=\"black\">apportera une perspective europ\u00e9enne \u00e0 ce d\u00e9bat par vid\u00e9o.<\/span><\/p><p style=\"color: rgba(0, 0, 0, 0.87);\"><span style=\"font-weight: bold;\">\u00a0<\/span><\/p><p style=\"color: rgba(0, 0, 0, 0.87);\">De L\u2019\u0152uvre d\u2019Orient<span data-ogsc=\"black\">,\u00a0<span style=\"font-weight: bolder;\">Mgr Hugues de Woillemont<\/span>,\u00a0<\/span>D<span data-ogsc=\"black\">irecteur g\u00e9n\u00e9ral, et Mr.\u00a0<span style=\"font-weight: bolder;\">Vincent Gelot<\/span><\/span>, Directeur Liban et Syrie,<span data-ogsc=\"black\">\u00a0partageront leurs points de vue sur la situation critique \u00e0 laquelle sont confront\u00e9s les chr\u00e9tiens au Moyen-Orient, en particulier dans le contexte des changements politiques en Syrie et du conflit actuel au Liban.<\/span><\/p><\/div>\t\t\t\t\t\t\t\t<\/div>\n\t\t\t\t<\/div>\n\t\t\t\t<\/div>\n\t\t<div class=\"elementor-element elementor-element-3782780 e-con-full e-flex e-con e-child\" data-id=\"3782780\" data-element_type=\"container\" data-e-type=\"container\">\n\t\t\t\t<div class=\"elementor-element elementor-element-7f61477 elementor-widget elementor-widget-text-editor\" data-id=\"7f61477\" data-element_type=\"widget\" data-e-type=\"widget\" data-widget_type=\"text-editor.default\">\n\t\t\t\t<div class=\"elementor-widget-container\">\n\t\t\t\t\t\t\t\t\t<p><i><span data-ogsc=\"black\">(Langues : Fr \/ Anglais avec traduction simultan\u00e9e)<\/span><\/i><\/p><p><span data-ogsc=\"black\">\u00a0<\/span><\/p><p><span data-ogsc=\"black\">Veuillez vous inscrire sur ce\u00a0<\/span><a title=\"https:\/\/docs.google.com\/forms\/d\/e\/1FAIpQLSdlo3oX2m9t_u5tr3ySh1gPRirRVGfB8FVQiyag1UqC1LW13g\/viewform?usp=dialog\" href=\"https:\/\/docs.google.com\/forms\/d\/e\/1FAIpQLSdlo3oX2m9t_u5tr3ySh1gPRirRVGfB8FVQiyag1UqC1LW13g\/viewform?usp=dialog\" data-auth=\"NotApplicable\" data-linkindex=\"1\" data-ogsc=\"\">formulaire.<\/a><\/p><p><span data-ogsc=\"black\">La\u00a0<b data-ogsc=\"\">conf\u00e9rence sera suivie d&rsquo;un cocktail<\/b>\u00a0\u00e0 proximit\u00e9 du Parlement europ\u00e9en, qui permettra de poursuivre les discussions avec les intervenants. Les informations seront communiqu\u00e9es aux participants inscrits \u00e0 la conf\u00e9rence.<\/span><\/p>\t\t\t\t\t\t\t\t<\/div>\n\t\t\t\t<\/div>\n\t\t\t\t<\/div>\n\t\t\t\t\t<\/div>\n\t\t\t\t<\/div>\n\t\t<div class=\"elementor-element elementor-element-76f5833 e-flex e-con-boxed e-con e-parent\" data-id=\"76f5833\" data-element_type=\"container\" data-e-type=\"container\">\n\t\t\t\t\t<div class=\"e-con-inner\">\n\t\t<div class=\"elementor-element elementor-element-c24f5a4 e-con-full e-flex e-con e-child\" data-id=\"c24f5a4\" data-element_type=\"container\" data-e-type=\"container\">\n\t\t\t\t<div class=\"elementor-element elementor-element-2314294 elementor-widget__width-initial elementor-widget elementor-widget-heading\" data-id=\"2314294\" data-element_type=\"widget\" data-e-type=\"widget\" id=\"Events\" data-widget_type=\"heading.default\">\n\t\t\t\t<div class=\"elementor-widget-container\">\n\t\t\t\t\t<h2 class=\"elementor-heading-title elementor-size-default\">Un timbre pour les 170 ans !<\/h2>\t\t\t\t<\/div>\n\t\t\t\t<\/div>\n\t\t\t\t<div class=\"elementor-element elementor-element-484f3d0 elementor-widget elementor-widget-image\" data-id=\"484f3d0\" data-element_type=\"widget\" data-e-type=\"widget\" data-widget_type=\"image.default\">\n\t\t\t\t<div class=\"elementor-widget-container\">\n\t\t\t\t\t\t\t\t\t\t\t\t\t\t\t<img loading=\"lazy\" decoding=\"async\" width=\"600\" height=\"472\" src=\"https:\/\/evenement.oeuvre-orient.fr\/wp-content\/uploads\/2026\/04\/m-1126011-1_600Wx600H.png\" class=\"attachment-large size-large wp-image-3434\" alt=\"M 1126011 1 600Wx600H\" srcset=\"https:\/\/evenement.oeuvre-orient.fr\/wp-content\/uploads\/2026\/04\/m-1126011-1_600Wx600H.png 600w, https:\/\/evenement.oeuvre-orient.fr\/wp-content\/uploads\/2026\/04\/m-1126011-1_600Wx600H-300x236.png 300w, https:\/\/evenement.oeuvre-orient.fr\/wp-content\/uploads\/2026\/04\/m-1126011-1_600Wx600H-15x12.png 15w\" sizes=\"(max-width: 600px) 100vw, 600px\" \/>\t\t\t\t\t\t\t\t\t\t\t\t\t\t\t<\/div>\n\t\t\t\t<\/div>\n\t\t\t\t<\/div>\n\t\t<div class=\"elementor-element elementor-element-9847f46 e-con-full e-flex e-con e-child\" data-id=\"9847f46\" data-element_type=\"container\" data-e-type=\"container\">\n\t\t<div class=\"elementor-element elementor-element-b438998 e-con-full e-flex e-con e-child\" data-id=\"b438998\" data-element_type=\"container\" data-e-type=\"container\">\n\t\t\t\t<div class=\"elementor-element elementor-element-29c3a00 elementor-widget elementor-widget-text-editor\" data-id=\"29c3a00\" data-element_type=\"widget\" data-e-type=\"widget\" data-widget_type=\"text-editor.default\">\n\t\t\t\t<div class=\"elementor-widget-container\">\n\t\t\t\t\t\t\t\t\t<h6>\u00a0<\/h6><h6>\u00a0<\/h6><h6>\u00a0<\/h6><h6>\u00a0<\/h6><h6>Le 13 avril 2026, La Poste a \u00e9mis un timbre sur L\u2019\u0152uvre d\u2019Orient pour c\u00e9l\u00e9brer les 170 ans d\u2019engagement de l\u2019association aux c\u00f4t\u00e9s des chr\u00e9tiens d\u2019Orient.<\/h6><p>Parce l\u2019\u00c9piphanie se confond avec No\u00ebl pour les chr\u00e9tiens orientaux, L\u2019\u0152uvre d\u2019Orient a plac\u00e9 son anniversaire sous le signe de<em> La c\u00e9l\u00e9bration de l\u2019\u00c9piphanie ou l\u2019Adoration des rois mages<\/em>, tableau d\u2019Augustin Frison-Roche, symbole de la richesse spirituelle orientale et de l\u2019universalit\u00e9 du message qu\u2019elle porte depuis sa fondation.<\/p><p>Le timbre est disponible \u00e0 la <a href=\"https:\/\/maison-boutique.oeuvre-orient.fr\/\">Maison de L&rsquo;\u0152uvre d&rsquo;Orient<\/a> &#8211; 61 rue de Vaugirard (75006) et dans les <a href=\"https:\/\/www.laposte.fr\/pp\/timbre-170-ans-de-l-uvre-d-orient-lettre-verte\/p\/1126011\">bureaux de Poste<\/a> !<\/p>\t\t\t\t\t\t\t\t<\/div>\n\t\t\t\t<\/div>\n\t\t\t\t<\/div>\n\t\t\t\t<\/div>\n\t\t\t\t\t<\/div>\n\t\t\t\t<\/div>\n\t\t<div class=\"elementor-element elementor-element-c3c11bb e-flex e-con-boxed e-con e-parent\" data-id=\"c3c11bb\" data-element_type=\"container\" data-e-type=\"container\">\n\t\t\t\t\t<div class=\"e-con-inner\">\n\t\t\t\t<div class=\"elementor-element elementor-element-5cf71bb elementor-widget elementor-widget-spacer\" data-id=\"5cf71bb\" data-element_type=\"widget\" data-e-type=\"widget\" data-widget_type=\"spacer.default\">\n\t\t\t\t<div class=\"elementor-widget-container\">\n\t\t\t\t\t\t\t<div class=\"elementor-spacer\">\n\t\t\t<div class=\"elementor-spacer-inner\"><\/div>\n\t\t<\/div>\n\t\t\t\t\t\t<\/div>\n\t\t\t\t<\/div>\n\t\t\t\t\t<\/div>\n\t\t\t\t<\/div>\n\t\t<div class=\"elementor-element elementor-element-fdde608 e-flex e-con-boxed e-con e-parent\" data-id=\"fdde608\" data-element_type=\"container\" data-e-type=\"container\">\n\t\t\t\t\t<div class=\"e-con-inner\">\n\t\t<div class=\"elementor-element elementor-element-dcaf79b e-con-full e-flex e-con e-child\" data-id=\"dcaf79b\" data-element_type=\"container\" data-e-type=\"container\">\n\t\t\t\t<div class=\"elementor-element elementor-element-e58d550 elementor-widget elementor-widget-heading\" data-id=\"e58d550\" data-element_type=\"widget\" data-e-type=\"widget\" data-widget_type=\"heading.default\">\n\t\t\t\t<div class=\"elementor-widget-container\">\n\t\t\t\t\t<h2 class=\"elementor-heading-title elementor-size-default\">Yallah, le festival des chr\u00e9tiens d'Orient le 30 mai !<\/h2>\t\t\t\t<\/div>\n\t\t\t\t<\/div>\n\t\t\t\t<\/div>\n\t\t<div class=\"elementor-element elementor-element-d2bd2a2 e-con-full e-flex e-con e-child\" data-id=\"d2bd2a2\" data-element_type=\"container\" data-e-type=\"container\">\n\t\t\t\t<div class=\"elementor-element elementor-element-41930c5 elementor-widget__width-initial elementor-widget elementor-widget-image\" data-id=\"41930c5\" data-element_type=\"widget\" data-e-type=\"widget\" data-widget_type=\"image.default\">\n\t\t\t\t<div class=\"elementor-widget-container\">\n\t\t\t\t\t\t\t\t\t\t\t\t\t\t\t<img loading=\"lazy\" decoding=\"async\" width=\"512\" height=\"512\" src=\"https:\/\/evenement.oeuvre-orient.fr\/wp-content\/uploads\/2026\/04\/cropped-Fond-1-1.png\" class=\"attachment-large size-large wp-image-3280\" alt=\"Fond\" srcset=\"https:\/\/evenement.oeuvre-orient.fr\/wp-content\/uploads\/2026\/04\/cropped-Fond-1-1.png 512w, https:\/\/evenement.oeuvre-orient.fr\/wp-content\/uploads\/2026\/04\/cropped-Fond-1-1-300x300.png 300w, https:\/\/evenement.oeuvre-orient.fr\/wp-content\/uploads\/2026\/04\/cropped-Fond-1-1-150x150.png 150w, https:\/\/evenement.oeuvre-orient.fr\/wp-content\/uploads\/2026\/04\/cropped-Fond-1-1-12x12.png 12w, https:\/\/evenement.oeuvre-orient.fr\/wp-content\/uploads\/2026\/04\/cropped-Fond-1-1-270x270.png 270w, https:\/\/evenement.oeuvre-orient.fr\/wp-content\/uploads\/2026\/04\/cropped-Fond-1-1-192x192.png 192w, https:\/\/evenement.oeuvre-orient.fr\/wp-content\/uploads\/2026\/04\/cropped-Fond-1-1-180x180.png 180w, https:\/\/evenement.oeuvre-orient.fr\/wp-content\/uploads\/2026\/04\/cropped-Fond-1-1-32x32.png 32w\" sizes=\"(max-width: 512px) 100vw, 512px\" \/>\t\t\t\t\t\t\t\t\t\t\t\t\t\t\t<\/div>\n\t\t\t\t<\/div>\n\t\t\t\t<div class=\"elementor-element elementor-element-b21be21 elementor-widget__width-initial elementor-widget elementor-widget-text-editor\" data-id=\"b21be21\" data-element_type=\"widget\" data-e-type=\"widget\" data-widget_type=\"text-editor.default\">\n\t\t\t\t<div class=\"elementor-widget-container\">\n\t\t\t\t\t\t\t\t\t<p>Pour la 3\u00e8me \u00e9dition du festival des chr\u00e9tiens d&rsquo;Orient, le<span data-olk-copy-source=\"MessageBody\">\u00a0<span style=\"font-weight: bold;\">Yallah Festival<\/span> rassemblera des chr\u00e9tiens de rites latin et orientaux \u00e0 Saint-Germain-l\u2019Auxerrois\u00a0 !<\/span><\/p><p style=\"color: rgba(36, 13, 5, 0.87); text-align: justify;\"><span data-olk-copy-source=\"MessageBody\">Une journ\u00e9e de t\u00e9moignages, de rencontres autour des chr\u00e9tiens d\u2019Orient,\u00a0<\/span>un concert avec le groupe <strong>Les Guetteurs<\/strong> et une messe orientale ! La boutique de L\u2019\u0152uvre d\u2019Orient sera pr\u00e9sente, des stands seront \u00e0 disposition, ainsi qu\u2019une guinguette.<\/p><p style=\"color: rgba(36, 13, 5, 0.87); text-align: justify;\"><strong>RDV le 30 mai prochain !<\/strong><\/p><p>Pour plus d&rsquo;informations, \ud83d\udc49 <a href=\"https:\/\/evenement.oeuvre-orient.fr\/en\/\">cliquez ici<\/a><\/p>\t\t\t\t\t\t\t\t<\/div>\n\t\t\t\t<\/div>\n\t\t\t\t<\/div>\n\t\t<div class=\"elementor-element elementor-element-918cd60 e-con-full e-flex e-con e-child\" data-id=\"918cd60\" data-element_type=\"container\" data-e-type=\"container\">\n\t\t\t\t<div class=\"elementor-element elementor-element-cf6fe1b elementor-widget elementor-widget-video\" data-id=\"cf6fe1b\" data-element_type=\"widget\" data-e-type=\"widget\" data-settings=\"{&quot;video_type&quot;:&quot;hosted&quot;,&quot;controls&quot;:&quot;yes&quot;}\" data-widget_type=\"video.default\">\n\t\t\t\t<div class=\"elementor-widget-container\">\n\t\t\t\t\t\t\t<div class=\"e-hosted-video elementor-wrapper elementor-open-inline\">\n\t\t\t\t\t<video class=\"elementor-video\" src=\"https:\/\/evenement.oeuvre-orient.fr\/wp-content\/uploads\/2026\/04\/Venez-nombreux-.mp4\" controls=\"\" preload=\"metadata\" controlslist=\"nodownload\"><\/video>\n\t\t\t\t<\/div>\n\t\t\t\t\t\t<\/div>\n\t\t\t\t<\/div>\n\t\t\t\t<\/div>\n\t\t\t\t\t<\/div>\n\t\t\t\t<\/div>\n\t\t<div class=\"elementor-element elementor-element-a10baf5 e-flex e-con-boxed e-con e-parent\" data-id=\"a10baf5\" data-element_type=\"container\" data-e-type=\"container\">\n\t\t\t\t\t<div class=\"e-con-inner\">\n\t\t\t\t<div class=\"elementor-element elementor-element-a475c94 elementor-widget elementor-widget-image\" data-id=\"a475c94\" data-element_type=\"widget\" data-e-type=\"widget\" data-widget_type=\"image.default\">\n\t\t\t\t<div class=\"elementor-widget-container\">\n\t\t\t\t\t\t\t\t\t\t\t\t\t\t\t<img loading=\"lazy\" decoding=\"async\" width=\"150\" height=\"150\" src=\"https:\/\/evenement.oeuvre-orient.fr\/wp-content\/uploads\/2026\/04\/cropped-Logo-170-ans-OO-VF-150x150.png\" class=\"attachment-thumbnail size-thumbnail wp-image-3576\" alt=\"Cropped Logo 170 ans OO VF.png\" srcset=\"https:\/\/evenement.oeuvre-orient.fr\/wp-content\/uploads\/2026\/04\/cropped-Logo-170-ans-OO-VF-150x150.png 150w, https:\/\/evenement.oeuvre-orient.fr\/wp-content\/uploads\/2026\/04\/cropped-Logo-170-ans-OO-VF-300x300.png 300w, https:\/\/evenement.oeuvre-orient.fr\/wp-content\/uploads\/2026\/04\/cropped-Logo-170-ans-OO-VF-1024x1024.png 1024w, https:\/\/evenement.oeuvre-orient.fr\/wp-content\/uploads\/2026\/04\/cropped-Logo-170-ans-OO-VF-768x768.png 768w, https:\/\/evenement.oeuvre-orient.fr\/wp-content\/uploads\/2026\/04\/cropped-Logo-170-ans-OO-VF-12x12.png 12w, https:\/\/evenement.oeuvre-orient.fr\/wp-content\/uploads\/2026\/04\/cropped-Logo-170-ans-OO-VF.png 1200w\" sizes=\"(max-width: 150px) 100vw, 150px\" \/>\t\t\t\t\t\t\t\t\t\t\t\t\t\t\t<\/div>\n\t\t\t\t<\/div>\n\t\t\t\t\t<\/div>\n\t\t\t\t<\/div>\n\t\t<div class=\"elementor-element elementor-element-ebc98c4 e-flex e-con-boxed e-con e-parent\" data-id=\"ebc98c4\" data-element_type=\"container\" data-e-type=\"container\">\n\t\t\t\t\t<div class=\"e-con-inner\">\n\t\t\t\t<div class=\"elementor-element elementor-element-458bf26 elementor-widget elementor-widget-spacer\" data-id=\"458bf26\" data-element_type=\"widget\" data-e-type=\"widget\" data-widget_type=\"spacer.default\">\n\t\t\t\t<div class=\"elementor-widget-container\">\n\t\t\t\t\t\t\t<div class=\"elementor-spacer\">\n\t\t\t<div class=\"elementor-spacer-inner\"><\/div>\n\t\t<\/div>\n\t\t\t\t\t\t<\/div>\n\t\t\t\t<\/div>\n\t\t\t\t\t<\/div>\n\t\t\t\t<\/div>\n\t\t<div class=\"elementor-element elementor-element-138ec21b e-flex e-con-boxed e-con e-parent\" data-id=\"138ec21b\" data-element_type=\"container\" data-e-type=\"container\" data-settings=\"{&quot;background_background&quot;:&quot;classic&quot;}\">\n\t\t\t\t\t<div class=\"e-con-inner\">\n\t\t<div class=\"elementor-element elementor-element-70be21f e-flex e-con-boxed e-con e-child\" data-id=\"70be21f\" data-element_type=\"container\" data-e-type=\"container\" data-settings=\"{&quot;background_background&quot;:&quot;gradient&quot;,&quot;position&quot;:&quot;fixed&quot;}\">\n\t\t\t\t\t<div class=\"e-con-inner\">\n\t\t\t\t\t<\/div>\n\t\t\t\t<\/div>\n\t\t\t\t<div class=\"elementor-element elementor-element-5059dd1a elementor-widget-mobile__width-inherit elementor-widget elementor-widget-heading\" data-id=\"5059dd1a\" data-element_type=\"widget\" data-e-type=\"widget\" data-widget_type=\"heading.default\">\n\t\t\t\t<div class=\"elementor-widget-container\">\n\t\t\t\t\t<p class=\"elementor-heading-title elementor-size-default\">\u00a9Copyright-\u0152uvre d\u2019Orient 2026<\/p>\t\t\t\t<\/div>\n\t\t\t\t<\/div>\n\t\t\t\t<div class=\"elementor-element elementor-element-75677c17 elementor-shape-circle elementor-widget-mobile__width-inherit elementor-widget__width-initial elementor-grid-0 e-grid-align-center elementor-widget elementor-widget-social-icons\" data-id=\"75677c17\" data-element_type=\"widget\" data-e-type=\"widget\" data-widget_type=\"social-icons.default\">\n\t\t\t\t<div class=\"elementor-widget-container\">\n\t\t\t\t\t\t\t<div class=\"elementor-social-icons-wrapper elementor-grid\" role=\"list\">\n\t\t\t\t\t\t\t<span class=\"elementor-grid-item\" role=\"listitem\">\n\t\t\t\t\t<a class=\"elementor-icon elementor-social-icon elementor-social-icon-youtube elementor-repeater-item-3030a8d\" href=\"https:\/\/www.youtube.com\/channel\/UCyoDw5Qd00BvgmgNqXPVenw\" target=\"_blank\">\n\t\t\t\t\t\t<span class=\"elementor-screen-only\">Youtube<\/span>\n\t\t\t\t\t\t<svg aria-hidden=\"true\" class=\"e-font-icon-svg e-fab-youtube\" viewbox=\"0 0 576 512\" xmlns=\"http:\/\/www.w3.org\/2000\/svg\"><path d=\"M549.655 124.083c-6.281-23.65-24.787-42.276-48.284-48.597C458.781 64 288 64 288 64S117.22 64 74.629 75.486c-23.497 6.322-42.003 24.947-48.284 48.597-11.412 42.867-11.412 132.305-11.412 132.305s0 89.438 11.412 132.305c6.281 23.65 24.787 41.5 48.284 47.821C117.22 448 288 448 288 448s170.78 0 213.371-11.486c23.497-6.321 42.003-24.171 48.284-47.821 11.412-42.867 11.412-132.305 11.412-132.305s0-89.438-11.412-132.305zm-317.51 213.508V175.185l142.739 81.205-142.739 81.201z\"><\/path><\/svg>\t\t\t\t\t<\/a>\n\t\t\t\t<\/span>\n\t\t\t\t\t\t\t<span class=\"elementor-grid-item\" role=\"listitem\">\n\t\t\t\t\t<a class=\"elementor-icon elementor-social-icon elementor-social-icon-Icon Linkedin elementor-repeater-item-90bd749\" href=\"https:\/\/www.linkedin.com\/company\/l-%C5%93uvre-d-orient\/?originalSubdomain=fr\" target=\"_blank\">\n\t\t\t\t\t\t<span class=\"elementor-screen-only\">Icon Linkedin<\/span>\n\t\t\t\t\t\t<svg xmlns=\"http:\/\/www.w3.org\/2000\/svg\" width=\"19\" height=\"20\" viewbox=\"0 0 19 20\" fill=\"none\"><g clip-path=\"url(#clip0_315_379)\"><path d=\"M17.5974 0H1.40257C1.03059 0 0.673836 0.155548 0.410803 0.432425C0.147771 0.709301 0 1.08483 0 1.47639V18.5236C0 18.9152 0.147771 19.2907 0.410803 19.5676C0.673836 19.8445 1.03059 20 1.40257 20H17.5974C17.9694 20 18.3262 19.8445 18.5892 19.5676C18.8522 19.2907 19 18.9152 19 18.5236V1.47639C19 1.08483 18.8522 0.709301 18.5892 0.432425C18.3262 0.155548 17.9694 0 17.5974 0ZM5.66306 17.0375H2.80646V7.48611H5.66306V17.0375ZM4.23278 6.1625C3.90875 6.16058 3.59252 6.05766 3.324 5.86674C3.05548 5.67582 2.84671 5.40544 2.72403 5.08974C2.60135 4.77404 2.57026 4.42716 2.63469 4.09288C2.69912 3.7586 2.85618 3.4519 3.08604 3.21148C3.3159 2.97107 3.60827 2.80772 3.92624 2.74205C4.24422 2.67638 4.57355 2.71133 4.87267 2.84249C5.17179 2.97365 5.4273 3.19514 5.60695 3.47901C5.7866 3.76288 5.88234 4.09641 5.88208 4.4375C5.88514 4.66586 5.84449 4.89253 5.76255 5.104C5.68061 5.31547 5.55907 5.50742 5.40516 5.66839C5.25125 5.82936 5.06813 5.95607 4.86671 6.04096C4.66529 6.12585 4.4497 6.16718 4.23278 6.1625ZM16.1922 17.0458H13.3369V11.8278C13.3369 10.2889 12.7155 9.81389 11.9133 9.81389C11.0662 9.81389 10.2349 10.4861 10.2349 11.8667V17.0458H7.37833V7.49306H10.1254V8.81667H10.1624C10.4381 8.22917 11.404 7.225 12.8778 7.225C14.4717 7.225 16.1935 8.22083 16.1935 11.1375L16.1922 17.0458Z\" fill=\"white\"><\/path><\/g><defs><clippath id=\"clip0_315_379\"><rect width=\"19\" height=\"20\" fill=\"white\"><\/rect><\/clippath><\/defs><\/svg>\t\t\t\t\t<\/a>\n\t\t\t\t<\/span>\n\t\t\t\t\t\t\t<span class=\"elementor-grid-item\" role=\"listitem\">\n\t\t\t\t\t<a class=\"elementor-icon elementor-social-icon elementor-social-icon-Icon Instagram elementor-repeater-item-6ffa387\" href=\"https:\/\/www.instagram.com\/oeuvredorient\/\" target=\"_blank\">\n\t\t\t\t\t\t<span class=\"elementor-screen-only\">Icon Instagram<\/span>\n\t\t\t\t\t\t<svg xmlns=\"http:\/\/www.w3.org\/2000\/svg\" width=\"19\" height=\"20\" viewbox=\"0 0 19 20\" fill=\"none\"><g clip-path=\"url(#clip0_315_380)\"><path d=\"M9.5 1.80078C12.0383 1.80078 12.3389 1.8125 13.3371 1.85937C14.2648 1.90234 14.7658 2.06641 15.0998 2.20313C15.5414 2.38281 15.8605 2.60156 16.1908 2.94922C16.5248 3.30078 16.7289 3.63281 16.8996 4.09766C17.0295 4.44922 17.1854 4.98047 17.2262 5.95313C17.2707 7.00781 17.2818 7.32422 17.2818 9.99219C17.2818 12.6641 17.2707 12.9805 17.2262 14.0313C17.1854 15.0078 17.0295 15.5352 16.8996 15.8867C16.7289 16.3516 16.5211 16.6875 16.1908 17.0352C15.8568 17.3867 15.5414 17.6016 15.0998 17.7813C14.7658 17.918 14.2611 18.082 13.3371 18.125C12.3352 18.1719 12.0346 18.1836 9.5 18.1836C6.96172 18.1836 6.66113 18.1719 5.66289 18.125C4.73516 18.082 4.23418 17.918 3.9002 17.7813C3.45859 17.6016 3.13945 17.3828 2.80918 17.0352C2.4752 16.6836 2.27109 16.3516 2.10039 15.8867C1.97051 15.5352 1.81465 15.0039 1.77383 14.0313C1.7293 12.9766 1.71816 12.6602 1.71816 9.99219C1.71816 7.32031 1.7293 7.00391 1.77383 5.95313C1.81465 4.97656 1.97051 4.44922 2.10039 4.09766C2.27109 3.63281 2.47891 3.29688 2.80918 2.94922C3.14316 2.59766 3.45859 2.38281 3.9002 2.20313C4.23418 2.06641 4.73887 1.90234 5.66289 1.85937C6.66113 1.8125 6.96172 1.80078 9.5 1.80078ZM9.5 0C6.9209 0 6.59805 0.0117187 5.58496 0.0585938C4.57559 0.105469 3.88164 0.277344 3.28047 0.523437C2.65332 0.78125 2.12266 1.12109 1.5957 1.67969C1.06504 2.23438 0.742188 2.79297 0.497266 3.44922C0.263477 4.08594 0.100195 4.8125 0.0556641 5.875C0.0111328 6.94531 0 7.28516 0 10C0 12.7148 0.0111328 13.0547 0.0556641 14.1211C0.100195 15.1836 0.263477 15.9141 0.497266 16.5469C0.742188 17.207 1.06504 17.7656 1.5957 18.3203C2.12266 18.875 2.65332 19.2188 3.27676 19.4727C3.88164 19.7188 4.57188 19.8906 5.58125 19.9375C6.59434 19.9844 6.91719 19.9961 9.49629 19.9961C12.0754 19.9961 12.3982 19.9844 13.4113 19.9375C14.4207 19.8906 15.1147 19.7188 15.7158 19.4727C16.3393 19.2188 16.8699 18.875 17.3969 18.3203C17.9238 17.7656 18.2504 17.207 18.4916 16.5508C18.7254 15.9141 18.8887 15.1875 18.9332 14.125C18.9777 13.0586 18.9889 12.7188 18.9889 10.0039C18.9889 7.28906 18.9777 6.94922 18.9332 5.88281C18.8887 4.82031 18.7254 4.08984 18.4916 3.45703C18.2578 2.79297 17.935 2.23438 17.4043 1.67969C16.8773 1.125 16.3467 0.78125 15.7232 0.527344C15.1184 0.28125 14.4281 0.109375 13.4188 0.0625C12.402 0.0117188 12.0791 0 9.5 0Z\" fill=\"white\"><\/path><path d=\"M9.5 4.86328C6.80586 4.86328 4.62012 7.16406 4.62012 10C4.62012 12.8359 6.80586 15.1367 9.5 15.1367C12.1941 15.1367 14.3799 12.8359 14.3799 10C14.3799 7.16406 12.1941 4.86328 9.5 4.86328ZM9.5 13.332C7.75215 13.332 6.33457 11.8398 6.33457 10C6.33457 8.16016 7.75215 6.66797 9.5 6.66797C11.2479 6.66797 12.6654 8.16016 12.6654 10C12.6654 11.8398 11.2479 13.332 9.5 13.332Z\" fill=\"white\"><\/path><path d=\"M15.7121 4.66016C15.7121 5.32422 15.2 5.85938 14.5729 5.85938C13.942 5.85938 13.4336 5.32032 13.4336 4.66016C13.4336 3.99609 13.9457 3.46094 14.5729 3.46094C15.2 3.46094 15.7121 4 15.7121 4.66016Z\" fill=\"white\"><\/path><\/g><defs><clippath id=\"clip0_315_380\"><rect width=\"19\" height=\"20\" fill=\"white\"><\/rect><\/clippath><\/defs><\/svg>\t\t\t\t\t<\/a>\n\t\t\t\t<\/span>\n\t\t\t\t\t\t\t<span class=\"elementor-grid-item\" role=\"listitem\">\n\t\t\t\t\t<a class=\"elementor-icon elementor-social-icon elementor-social-icon-Icon X elementor-repeater-item-b598de7\" href=\"https:\/\/twitter.com\/oeuvredorient\" target=\"_blank\">\n\t\t\t\t\t\t<span class=\"elementor-screen-only\">Icon X<\/span>\n\t\t\t\t\t\t<svg xmlns=\"http:\/\/www.w3.org\/2000\/svg\" width=\"20\" height=\"20\" viewbox=\"0 0 20 20\" fill=\"none\"><path d=\"M15.2719 1.58667H18.0831L11.9414 8.60625L19.1667 18.1583H13.5094L9.07837 12.365L4.0083 18.1583H1.19537L7.76454 10.6501L0.833344 1.58667H6.63427L10.6395 6.88195L15.2719 1.58667ZM14.2853 16.4757H15.843L5.78784 3.18095H4.11623L14.2853 16.4757Z\" fill=\"white\"><\/path><\/svg>\t\t\t\t\t<\/a>\n\t\t\t\t<\/span>\n\t\t\t\t\t\t\t<span class=\"elementor-grid-item\" role=\"listitem\">\n\t\t\t\t\t<a class=\"elementor-icon elementor-social-icon elementor-social-icon-Icon Facebook elementor-repeater-item-659c516\" href=\"https:\/\/www.facebook.com\/OeuvredOrient\/\" target=\"_blank\">\n\t\t\t\t\t\t<span class=\"elementor-screen-only\">Icon Facebook<\/span>\n\t\t\t\t\t\t<svg xmlns=\"http:\/\/www.w3.org\/2000\/svg\" width=\"20\" height=\"20\" viewbox=\"0 0 20 20\" fill=\"none\"><path d=\"M20 10.0367C20 4.49365 15.5228 0 10 0C4.4772 0 0 4.49365 0 10.0367C0 14.7436 3.2288 18.6932 7.5844 19.778V13.104H5.5224V10.0367H7.5844V8.7151C7.5844 5.29899 9.1248 3.7156 12.4664 3.7156C13.1 3.7156 14.1932 3.84046 14.6404 3.96491V6.74509C14.4044 6.7202 13.9944 6.70775 13.4852 6.70775C11.8456 6.70775 11.212 7.33123 11.212 8.95196V10.0367H14.4784L13.9172 13.104H11.212V20C16.1636 19.3998 20 15.1683 20 10.0367Z\" fill=\"white\"><\/path><\/svg>\t\t\t\t\t<\/a>\n\t\t\t\t<\/span>\n\t\t\t\t\t<\/div>\n\t\t\t\t\t\t<\/div>\n\t\t\t\t<\/div>\n\t\t\t\t<div class=\"elementor-element elementor-element-7dabe1a0 navbar-link elementor-widget-mobile__width-inherit elementor-widget elementor-widget-heading\" data-id=\"7dabe1a0\" data-element_type=\"widget\" data-e-type=\"widget\" data-widget_type=\"heading.default\">\n\t\t\t\t<div class=\"elementor-widget-container\">\n\t\t\t\t\t<p class=\"elementor-heading-title elementor-size-default\"><a href=\"mailto:evenements@oeuvre-orient.fr?subject=JCO2025\" target=\"_blank\">Contact<\/a><\/p>\t\t\t\t<\/div>\n\t\t\t\t<\/div>\n\t\t\t\t<div class=\"elementor-element elementor-element-1c7502ca navbar-link elementor-widget-mobile__width-inherit elementor-widget elementor-widget-heading\" data-id=\"1c7502ca\" data-element_type=\"widget\" data-e-type=\"widget\" data-widget_type=\"heading.default\">\n\t\t\t\t<div class=\"elementor-widget-container\">\n\t\t\t\t\t<p class=\"elementor-heading-title elementor-size-default\">Mentions l\u00e9gales<\/p>\t\t\t\t<\/div>\n\t\t\t\t<\/div>\n\t\t\t\t\t<\/div>\n\t\t\t\t<\/div>\n\t\t\t\t<\/div>","protected":false},"excerpt":{"rendered":"<p>L&rsquo;\u0152uvre d&rsquo;Orient f\u00eate cette ann\u00e9e ses 170 ans !<\/p>","protected":false},"author":2,"featured_media":3576,"parent":0,"menu_order":0,"comment_status":"closed","ping_status":"closed","template":"elementor_canvas","meta":{"inline_featured_image":false,"slim_seo":{"title":"170 ans de L'\u0152uvre d'Orient - 9 et 10 Mai 2026","description":"L'\u0152uvre d'Orient f\u00eate en 2026 ses 170 ans ! Participez aux \u00e9v\u00e9nements organis\u00e9s pour cette occasion !","facebook_image":"https:\/\/evenement.oeuvre-orient.fr\/wp-content\/uploads\/2026\/04\/patriarches_150e_anniversaire.jpg","twitter_image":"https:\/\/evenement.oeuvre-orient.fr\/wp-content\/uploads\/2026\/04\/patriarches_150e_anniversaire.jpg","canonical":"https:\/\/170ans-oo"},"footnotes":""},"class_list":["post-3427","page","type-page","status-publish","has-post-thumbnail","hentry"],"yoast_head":"<!-- This site is optimized with the Yoast SEO plugin v27.4 - https:\/\/yoast.com\/product\/yoast-seo-wordpress\/ -->\n<title>170 ans de L&#039;\u0152uvre d&#039;Orient - Ev\u00e9nements L&#039;\u0152uvre d&#039;Orient<\/title>\n<meta name=\"description\" content=\"L&#039;\u0152uvre d&#039;Orient f\u00eate en 2026 ses 170 ans ! De nombreux \u00e9v\u00e9nements sont pr\u00e9vus \u00e0 cette occasion !\" \/>\n<meta name=\"robots\" content=\"index, follow, max-snippet:-1, max-image-preview:large, max-video-preview:-1\" \/>\n<link rel=\"canonical\" href=\"https:\/\/170ans-oo\" \/>\n<meta property=\"og:locale\" content=\"en_US\" \/>\n<meta property=\"og:type\" content=\"article\" \/>\n<meta property=\"og:title\" content=\"170 ans de L&#039;\u0152uvre d&#039;Orient - Ev\u00e9nements L&#039;\u0152uvre d&#039;Orient\" \/>\n<meta property=\"og:description\" content=\"L&#039;\u0152uvre d&#039;Orient f\u00eate en 2026 ses 170 ans ! De nombreux \u00e9v\u00e9nements sont pr\u00e9vus \u00e0 cette occasion !\" \/>\n<meta property=\"og:url\" content=\"https:\/\/170ans-oo\" \/>\n<meta property=\"og:site_name\" content=\"Ev\u00e9nements L&#039;\u0152uvre d&#039;Orient\" \/>\n<meta property=\"article:modified_time\" content=\"2026-04-28T09:31:36+00:00\" \/>\n<meta property=\"og:image\" content=\"https:\/\/evenement.oeuvre-orient.fr\/wp-content\/uploads\/2026\/04\/cropped-Logo-170-ans-OO-VF.png\" \/>\n\t<meta property=\"og:image:width\" content=\"1200\" \/>\n\t<meta property=\"og:image:height\" content=\"1200\" \/>\n\t<meta property=\"og:image:type\" content=\"image\/png\" \/>\n<meta name=\"twitter:card\" content=\"summary_large_image\" \/>\n<meta name=\"twitter:label1\" content=\"Est. reading time\" \/>\n\t<meta name=\"twitter:data1\" content=\"9 minutes\" \/>\n<script type=\"application\/ld+json\" class=\"yoast-schema-graph\">{\"@context\":\"https:\\\/\\\/schema.org\",\"@graph\":[{\"@type\":\"WebPage\",\"@id\":\"https:\\\/\\\/evenement.oeuvre-orient.fr\\\/170-ans-de-loeuvre-dorient\\\/\",\"url\":\"https:\\\/\\\/170ans-oo\",\"name\":\"170 ans de L'\u0152uvre d'Orient - Ev\u00e9nements L&#039;\u0152uvre d&#039;Orient\",\"isPartOf\":{\"@id\":\"https:\\\/\\\/evenement.oeuvre-orient.fr\\\/en\\\/#website\"},\"primaryImageOfPage\":{\"@id\":\"https:\\\/\\\/170ans-oo#primaryimage\"},\"image\":{\"@id\":\"https:\\\/\\\/170ans-oo#primaryimage\"},\"thumbnailUrl\":\"https:\\\/\\\/evenement.oeuvre-orient.fr\\\/wp-content\\\/uploads\\\/2026\\\/04\\\/cropped-Logo-170-ans-OO-VF.png\",\"datePublished\":\"2026-04-22T13:51:51+00:00\",\"dateModified\":\"2026-04-28T09:31:36+00:00\",\"description\":\"L'\u0152uvre d'Orient f\u00eate en 2026 ses 170 ans ! De nombreux \u00e9v\u00e9nements sont pr\u00e9vus \u00e0 cette occasion !\",\"breadcrumb\":{\"@id\":\"https:\\\/\\\/170ans-oo#breadcrumb\"},\"inLanguage\":\"en-US\",\"potentialAction\":[{\"@type\":\"ReadAction\",\"target\":[\"https:\\\/\\\/170ans-oo\"]}]},{\"@type\":\"ImageObject\",\"inLanguage\":\"en-US\",\"@id\":\"https:\\\/\\\/170ans-oo#primaryimage\",\"url\":\"https:\\\/\\\/evenement.oeuvre-orient.fr\\\/wp-content\\\/uploads\\\/2026\\\/04\\\/cropped-Logo-170-ans-OO-VF.png\",\"contentUrl\":\"https:\\\/\\\/evenement.oeuvre-orient.fr\\\/wp-content\\\/uploads\\\/2026\\\/04\\\/cropped-Logo-170-ans-OO-VF.png\",\"width\":1200,\"height\":1200,\"caption\":\"Cropped Logo 170 ans OO VF.png\"},{\"@type\":\"BreadcrumbList\",\"@id\":\"https:\\\/\\\/170ans-oo#breadcrumb\",\"itemListElement\":[{\"@type\":\"ListItem\",\"position\":1,\"name\":\"Accueil\",\"item\":\"https:\\\/\\\/evenement.oeuvre-orient.fr\\\/\"},{\"@type\":\"ListItem\",\"position\":2,\"name\":\"170 ans de L&rsquo;\u0152uvre d&rsquo;Orient\"}]},{\"@type\":\"WebSite\",\"@id\":\"https:\\\/\\\/evenement.oeuvre-orient.fr\\\/en\\\/#website\",\"url\":\"https:\\\/\\\/evenement.oeuvre-orient.fr\\\/en\\\/\",\"name\":\"Festival des Chr\u00e9tiens d'Orient\",\"description\":\"\",\"publisher\":{\"@id\":\"https:\\\/\\\/evenement.oeuvre-orient.fr\\\/en\\\/#organization\"},\"potentialAction\":[{\"@type\":\"SearchAction\",\"target\":{\"@type\":\"EntryPoint\",\"urlTemplate\":\"https:\\\/\\\/evenement.oeuvre-orient.fr\\\/en\\\/?s={search_term_string}\"},\"query-input\":{\"@type\":\"PropertyValueSpecification\",\"valueRequired\":true,\"valueName\":\"search_term_string\"}}],\"inLanguage\":\"en-US\"},{\"@type\":\"Organization\",\"@id\":\"https:\\\/\\\/evenement.oeuvre-orient.fr\\\/en\\\/#organization\",\"name\":\"Festival des Chr\u00e9tiens d'Orient\",\"url\":\"https:\\\/\\\/evenement.oeuvre-orient.fr\\\/en\\\/\",\"logo\":{\"@type\":\"ImageObject\",\"inLanguage\":\"en-US\",\"@id\":\"https:\\\/\\\/evenement.oeuvre-orient.fr\\\/en\\\/#\\\/schema\\\/logo\\\/image\\\/\",\"url\":\"https:\\\/\\\/evenement.oeuvre-orient.fr\\\/wp-content\\\/uploads\\\/2024\\\/05\\\/Design-sans-titre-4-1024x682.png\",\"contentUrl\":\"https:\\\/\\\/evenement.oeuvre-orient.fr\\\/wp-content\\\/uploads\\\/2024\\\/05\\\/Design-sans-titre-4-1024x682.png\",\"width\":1024,\"height\":682,\"caption\":\"Festival des Chr\u00e9tiens d'Orient\"},\"image\":{\"@id\":\"https:\\\/\\\/evenement.oeuvre-orient.fr\\\/en\\\/#\\\/schema\\\/logo\\\/image\\\/\"}}]}<\/script>\n<!-- \/ Yoast SEO plugin. -->","yoast_head_json":{"title":"170 ans de L'\u0152uvre d'Orient - Ev\u00e9nements L&#039;\u0152uvre d&#039;Orient","description":"L'\u0152uvre d'Orient f\u00eate en 2026 ses 170 ans ! De nombreux \u00e9v\u00e9nements sont pr\u00e9vus \u00e0 cette occasion !","robots":{"index":"index","follow":"follow","max-snippet":"max-snippet:-1","max-image-preview":"max-image-preview:large","max-video-preview":"max-video-preview:-1"},"canonical":"https:\/\/170ans-oo","og_locale":"en_US","og_type":"article","og_title":"170 ans de L'\u0152uvre d'Orient - Ev\u00e9nements L&#039;\u0152uvre d&#039;Orient","og_description":"L'\u0152uvre d'Orient f\u00eate en 2026 ses 170 ans ! De nombreux \u00e9v\u00e9nements sont pr\u00e9vus \u00e0 cette occasion !","og_url":"https:\/\/170ans-oo","og_site_name":"Ev\u00e9nements L&#039;\u0152uvre d&#039;Orient","article_modified_time":"2026-04-28T09:31:36+00:00","og_image":[{"width":1200,"height":1200,"url":"https:\/\/evenement.oeuvre-orient.fr\/wp-content\/uploads\/2026\/04\/cropped-Logo-170-ans-OO-VF.png","type":"image\/png"}],"twitter_card":"summary_large_image","twitter_misc":{"Est. reading time":"9 minutes"},"schema":{"@context":"https:\/\/schema.org","@graph":[{"@type":"WebPage","@id":"https:\/\/evenement.oeuvre-orient.fr\/170-ans-de-loeuvre-dorient\/","url":"https:\/\/170ans-oo","name":"170 ans de L'\u0152uvre d'Orient - Ev\u00e9nements L&#039;\u0152uvre d&#039;Orient","isPartOf":{"@id":"https:\/\/evenement.oeuvre-orient.fr\/en\/#website"},"primaryImageOfPage":{"@id":"https:\/\/170ans-oo#primaryimage"},"image":{"@id":"https:\/\/170ans-oo#primaryimage"},"thumbnailUrl":"https:\/\/evenement.oeuvre-orient.fr\/wp-content\/uploads\/2026\/04\/cropped-Logo-170-ans-OO-VF.png","datePublished":"2026-04-22T13:51:51+00:00","dateModified":"2026-04-28T09:31:36+00:00","description":"L'\u0152uvre d'Orient f\u00eate en 2026 ses 170 ans ! De nombreux \u00e9v\u00e9nements sont pr\u00e9vus \u00e0 cette occasion !","breadcrumb":{"@id":"https:\/\/170ans-oo#breadcrumb"},"inLanguage":"en-US","potentialAction":[{"@type":"ReadAction","target":["https:\/\/170ans-oo"]}]},{"@type":"ImageObject","inLanguage":"en-US","@id":"https:\/\/170ans-oo#primaryimage","url":"https:\/\/evenement.oeuvre-orient.fr\/wp-content\/uploads\/2026\/04\/cropped-Logo-170-ans-OO-VF.png","contentUrl":"https:\/\/evenement.oeuvre-orient.fr\/wp-content\/uploads\/2026\/04\/cropped-Logo-170-ans-OO-VF.png","width":1200,"height":1200,"caption":"Cropped Logo 170 ans OO VF.png"},{"@type":"BreadcrumbList","@id":"https:\/\/170ans-oo#breadcrumb","itemListElement":[{"@type":"ListItem","position":1,"name":"Accueil","item":"https:\/\/evenement.oeuvre-orient.fr\/"},{"@type":"ListItem","position":2,"name":"170 ans de L&rsquo;\u0152uvre d&rsquo;Orient"}]},{"@type":"WebSite","@id":"https:\/\/evenement.oeuvre-orient.fr\/en\/#website","url":"https:\/\/evenement.oeuvre-orient.fr\/en\/","name":"Festival des Chr\u00e9tiens d'Orient","description":"","publisher":{"@id":"https:\/\/evenement.oeuvre-orient.fr\/en\/#organization"},"potentialAction":[{"@type":"SearchAction","target":{"@type":"EntryPoint","urlTemplate":"https:\/\/evenement.oeuvre-orient.fr\/en\/?s={search_term_string}"},"query-input":{"@type":"PropertyValueSpecification","valueRequired":true,"valueName":"search_term_string"}}],"inLanguage":"en-US"},{"@type":"Organization","@id":"https:\/\/evenement.oeuvre-orient.fr\/en\/#organization","name":"Festival des Chr\u00e9tiens d'Orient","url":"https:\/\/evenement.oeuvre-orient.fr\/en\/","logo":{"@type":"ImageObject","inLanguage":"en-US","@id":"https:\/\/evenement.oeuvre-orient.fr\/en\/#\/schema\/logo\/image\/","url":"https:\/\/evenement.oeuvre-orient.fr\/wp-content\/uploads\/2024\/05\/Design-sans-titre-4-1024x682.png","contentUrl":"https:\/\/evenement.oeuvre-orient.fr\/wp-content\/uploads\/2024\/05\/Design-sans-titre-4-1024x682.png","width":1024,"height":682,"caption":"Festival des Chr\u00e9tiens d'Orient"},"image":{"@id":"https:\/\/evenement.oeuvre-orient.fr\/en\/#\/schema\/logo\/image\/"}}]}},"_links":{"self":[{"href":"https:\/\/evenement.oeuvre-orient.fr\/en\/wp-json\/wp\/v2\/pages\/3427","targetHints":{"allow":["GET"]}}],"collection":[{"href":"https:\/\/evenement.oeuvre-orient.fr\/en\/wp-json\/wp\/v2\/pages"}],"about":[{"href":"https:\/\/evenement.oeuvre-orient.fr\/en\/wp-json\/wp\/v2\/types\/page"}],"author":[{"embeddable":true,"href":"https:\/\/evenement.oeuvre-orient.fr\/en\/wp-json\/wp\/v2\/users\/2"}],"replies":[{"embeddable":true,"href":"https:\/\/evenement.oeuvre-orient.fr\/en\/wp-json\/wp\/v2\/comments?post=3427"}],"version-history":[{"count":201,"href":"https:\/\/evenement.oeuvre-orient.fr\/en\/wp-json\/wp\/v2\/pages\/3427\/revisions"}],"predecessor-version":[{"id":3660,"href":"https:\/\/evenement.oeuvre-orient.fr\/en\/wp-json\/wp\/v2\/pages\/3427\/revisions\/3660"}],"wp:featuredmedia":[{"embeddable":true,"href":"https:\/\/evenement.oeuvre-orient.fr\/en\/wp-json\/wp\/v2\/media\/3576"}],"wp:attachment":[{"href":"https:\/\/evenement.oeuvre-orient.fr\/en\/wp-json\/wp\/v2\/media?parent=3427"}],"curies":[{"name":"wp","href":"https:\/\/api.w.org\/{rel}","templated":true}]}}